{"id":3496,"date":"2021-05-19T18:39:54","date_gmt":"2021-05-19T16:39:54","guid":{"rendered":"https:\/\/muzeumpolonii.uw.edu.pl\/?page_id=3496"},"modified":"2024-02-15T22:55:48","modified_gmt":"2024-02-15T21:55:48","slug":"piotr-samerek","status":"publish","type":"page","link":"https:\/\/muzeumpolonii.uw.edu.pl\/?page_id=3496","title":{"rendered":"Piotr Samerek"},"content":{"rendered":"\n<hr color=\"red\">\n\n\n\n<div class=\"wp-block-media-text alignwide is-vertically-aligned-top\" style=\"grid-template-columns:27% auto\"><figure class=\"wp-block-media-text__media\"><img loading=\"lazy\" decoding=\"async\" width=\"350\" height=\"487\" src=\"https:\/\/muzeumpolonii.uw.edu.pl\/wp-content\/uploads\/2021\/05\/Samerek.jpg\" alt=\"\" class=\"wp-image-3497 size-full\" srcset=\"https:\/\/muzeumpolonii.uw.edu.pl\/wp-content\/uploads\/2021\/05\/Samerek.jpg 350w, https:\/\/muzeumpolonii.uw.edu.pl\/wp-content\/uploads\/2021\/05\/Samerek-216x300.jpg 216w\" sizes=\"auto, (max-width: 350px) 100vw, 350px\" \/><\/figure><div class=\"wp-block-media-text__content\">\n<p><strong>Piotr Samerek<\/strong>, dziennikarz i dyplomata<\/p>\n<\/div><\/div>\n\n\n\n<p><br><strong>Audycje tematyczne:<\/strong><\/p>\n\n\n\n<p><em>Historia ambasady polskiej przy Watykanie<\/em><\/p>\n\n\n\n<p>Odc. 1<br>Pierwsi pos\u0142owie<\/p>\n\n\n\n<p>Data emisji: 28.10.2004 <br> Czas trwania: 4\u201951\u201d<\/p>\n\n\n\n<figure class=\"wp-block-audio\"><audio controls=\"\" src=\"https:\/\/pbc.uw.edu.pl\/16569\/1\/odc_1.mp3\"><\/audio><\/figure>\n\n\n\n<p>Odc. 2<br>Pos\u0142owie Rzeczpospolitej obojga narod\u00f3w<\/p>\n\n\n\n<p>Data emisji: 11.11.2004 <br> Czas trwania: 5\u201909\u201d<\/p>\n\n\n\n<figure class=\"wp-block-audio\"><audio controls=\"\" src=\"https:\/\/pbc.uw.edu.pl\/16569\/2\/odc_2.mp3\"><\/audio><\/figure>\n\n\n\n<p>Odc. 3<br>Trzeci rozbi\u00f3r Polski<\/p>\n\n\n\n<p>Data emisji: 18.11.2004 <br> Czas trwania: 5\u201957\u201d<\/p>\n\n\n\n<figure class=\"wp-block-audio\"><audio controls=\"\" src=\"https:\/\/pbc.uw.edu.pl\/16569\/3\/odc_3.mp3\"><\/audio><\/figure>\n\n\n\n<p>Odc. 4<br>Kolejni przedstawiciele<\/p>\n\n\n\n<p>Data emisji: 25.11.2004 <br> Czas trwania: 5\u201944\u201d<\/p>\n\n\n\n<figure class=\"wp-block-audio\"><audio controls=\"\" src=\"https:\/\/pbc.uw.edu.pl\/16569\/4\/odc_4.mp3\"><\/audio><\/figure>\n\n\n\n<p>Odc. 5<br>Wybuch I wojna \u015bwiat, a sprawa polska<\/p>\n\n\n\n<p> Data emisji: 02.12.2004 <br> Czas trwania: 5\u201947\u201d<\/p>\n\n\n\n<figure class=\"wp-block-audio\"><audio controls=\"\" src=\"https:\/\/pbc.uw.edu.pl\/16569\/5\/odc_5.mp3\"><\/audio><\/figure>\n\n\n\n<p>Odc. 6<br>Rewolucja marcowa 1917 w Rosji<\/p>\n\n\n\n<p>Data emisji: 09.12.2004 <br> Czas trwania: 5\u201930\u201d<\/p>\n\n\n\n<figure class=\"wp-block-audio\"><audio controls=\"\" src=\"https:\/\/pbc.uw.edu.pl\/16569\/6\/odc_6.mp3\"><\/audio><\/figure>\n\n\n\n<p>Odc. 7<br>Przyjazd A. Rattiego do Warszawy<\/p>\n\n\n\n<p> Data emisji: 16.12.2004 <br> Czas trwania: 5\u201911\u201d<\/p>\n\n\n\n<figure class=\"wp-block-audio\"><audio controls=\"\" src=\"https:\/\/pbc.uw.edu.pl\/16569\/7\/odc_7.mp3\"><\/audio><\/figure>\n\n\n\n<p>Odc. 8<br>Uznanie niepodleg\u0142o\u015bci Polski przez Stolic\u0119 Apostolsk\u0105<\/p>\n\n\n\n<p>Data emisji: 13.01.2005 <br> Czas trwania: 5\u201918\u201d<\/p>\n\n\n\n<figure class=\"wp-block-audio\"><audio controls=\"\" src=\"https:\/\/pbc.uw.edu.pl\/16569\/8\/odc_8.mp3\"><\/audio><\/figure>\n\n\n\n<p>Odc. 9<br>Walka o granice Polski w 1919 r.<\/p>\n\n\n\n<p> Data emisji: 20.01.2005 <br> Czas trwania: 4\u201951\u201d<\/p>\n\n\n\n<figure class=\"wp-block-audio\"><audio controls=\"\" src=\"https:\/\/pbc.uw.edu.pl\/16569\/9\/odc_9.mp3\"><\/audio><\/figure>\n\n\n\n<p>Odc. 10<br>Walka o wschodnie granice RP<\/p>\n\n\n\n<p>Data emisji: 03.02.2005 <br> Czas trwania: 5\u201928\u201d<\/p>\n\n\n\n<figure class=\"wp-block-audio\"><audio controls=\"\" src=\"https:\/\/pbc.uw.edu.pl\/16569\/10\/odc_10.mp3\"><\/audio><\/figure>\n\n\n\n<p>Odc. 11<br>Watykan a sp\u00f3r o G\u00f3rny \u015al\u0105sk<\/p>\n\n\n\n<p>Data emisji: 10.02.2005 <br> Czas trwania: 4\u201944\u201d<\/p>\n\n\n\n<figure class=\"wp-block-audio\"><audio controls=\"\" src=\"https:\/\/pbc.uw.edu.pl\/16569\/11\/odc_11.mp3\"><\/audio><\/figure>\n\n\n\n<p>Odc. 12<br>Kryzys w stosunkach polsko-watyka\u0144skich<\/p>\n\n\n\n<p>Data emisji: 24.02.2005<br>Czas trwania: 5\u201942\u201d<\/p>\n\n\n\n<figure class=\"wp-block-audio\"><audio controls=\"\" src=\"https:\/\/pbc.uw.edu.pl\/16569\/12\/odc_12.mp3\"><\/audio><\/figure>\n\n\n\n<p>Odc. 13<br>Ambasador W\u0142adys\u0142aw Skrzy\u0144ski<\/p>\n\n\n\n<p>Data emisji: 24.02.2005 <br> Czas trwania: 5\u201939\u201d<\/p>\n\n\n\n<figure class=\"wp-block-audio\"><audio controls=\"\" src=\"https:\/\/pbc.uw.edu.pl\/16569\/13\/odc_13.mp3\"><\/audio><\/figure>\n\n\n\n<p>Odc. 14<br>Trudno\u015bci pos\u0142a Skrzy\u0144skiego<\/p>\n\n\n\n<p>Data emisji: 03.02.2005 <br> Czas trwania: 5\u201948\u201d<\/p>\n\n\n\n<figure class=\"wp-block-audio\"><audio controls=\"\" src=\"https:\/\/pbc.uw.edu.pl\/16569\/14\/odc_14.mp3\"><\/audio><\/figure>\n\n\n\n<p>Odc. 15<br>Przed konklawe<\/p>\n\n\n\n<p>Data emisji: 10.03.2005 <br> Czas trwania: 5\u201935\u201d<\/p>\n\n\n\n<figure class=\"wp-block-audio\"><audio controls=\"\" src=\"https:\/\/pbc.uw.edu.pl\/16570\/1\/odc_15.mp3\"><\/audio><\/figure>\n\n\n\n<p>Odc. 16<br>Konklawe<\/p>\n\n\n\n<p>Data emisji: 17.03.2005 <br> Czas trwania: 5\u201946\u201d<\/p>\n\n\n\n<figure class=\"wp-block-audio\"><audio controls=\"\" src=\"https:\/\/pbc.uw.edu.pl\/16570\/2\/odc_16.mp3\"><\/audio><\/figure>\n\n\n\n<p>Odc. 17<br>Zadania polskiego poselstwa za pontyfikatu Piusa XI<\/p>\n\n\n\n<p>Data emisji: 24.03.2005 <br> Czas trwania: 5\u201928\u201d<\/p>\n\n\n\n<figure class=\"wp-block-audio\"><audio controls=\"\" src=\"https:\/\/pbc.uw.edu.pl\/16570\/3\/odc_17.mp3\"><\/audio><\/figure>\n\n\n\n<p>Odc. 18<br>Nowa siedziba, nowy radca<\/p>\n\n\n\n<p>Data emisji: 31.03.2005<br> Czas trwania: 5\u201959\u201d<\/p>\n\n\n\n<figure class=\"wp-block-audio\"><audio controls=\"\" src=\"https:\/\/pbc.uw.edu.pl\/16570\/4\/odc_18.mp3\"><\/audio><\/figure>\n\n\n\n<p>Odc. 19<br>Przygotowania do negocjacji konkordatu<\/p>\n\n\n\n<p>Data emisji: 05.05.2005<br> Czas trwania: 6\u201906\u201d<\/p>\n\n\n\n<figure class=\"wp-block-audio\"><audio controls=\"\" src=\"https:\/\/pbc.uw.edu.pl\/16570\/5\/odc_19.mp3\"><\/audio><\/figure>\n\n\n\n<p>Odc. 20<br>Ambasada przy Stolicy Apostolskiej<\/p>\n\n\n\n<p>Data emisji: 19.05.2005<br> Czas trwania: 5\u201938\u201d<\/p>\n\n\n\n<figure class=\"wp-block-audio\"><audio controls=\"\" src=\"https:\/\/pbc.uw.edu.pl\/16570\/6\/odc_20.mp3\"><\/audio><\/figure>\n\n\n\n<p>Odc. 21<br>Podpisanie i tre\u015b\u0107 konkordatu<\/p>\n\n\n\n<p>Data emisji: 16.12.2004 <br> Czas trwania: 5\u201919\u201d<\/p>\n\n\n\n<figure class=\"wp-block-audio\"><audio controls=\"\" src=\"https:\/\/pbc.uw.edu.pl\/16570\/7\/odc_21.mp3\"><\/audio><\/figure>\n\n\n\n<p>Odc. 22<br>Realizacja konkordatu <\/p>\n\n\n\n<p>Data emisji: 26.05.2005<br> Czas trwania: 6\u201926\u201d<\/p>\n\n\n\n<figure class=\"wp-block-audio\"><audio controls=\"\" src=\"https:\/\/pbc.uw.edu.pl\/16570\/8\/odc_22.mp3\"><\/audio><\/figure>\n\n\n\n<p>Odc. 23<br>Sprawy ukrai\u0144ski<\/p>\n\n\n\n<p>Data emisji: 02.06.2005<br> Czas trwania: 6\u201919\u201d<\/p>\n\n\n\n<figure class=\"wp-block-audio\"><audio controls=\"\" src=\"https:\/\/pbc.uw.edu.pl\/16570\/9\/odc_23.mp3\"><\/audio><\/figure>\n\n\n\n<p>Odc. 24<br>Ambasada polska a Ko\u015bci\u00f3\u0142 katolicki w Rosji<\/p>\n\n\n\n<p>Data emisji: 09.06.2005<br> Czas trwania: 5\u201949\u201d<\/p>\n\n\n\n<figure class=\"wp-block-audio\"><audio controls=\"\" src=\"https:\/\/pbc.uw.edu.pl\/16570\/10\/odc_24.mp3\"><\/audio><\/figure>\n\n\n\n<p>Odc. 25<br>Obrz\u0105dek wschodnios\u0142owia\u0144ski<\/p>\n\n\n\n<p>Data emisji: 07.07.2005<br> Czas trwania: 5\u201954\u201d<\/p>\n\n\n\n<figure class=\"wp-block-audio\"><audio controls=\"\" src=\"https:\/\/pbc.uw.edu.pl\/16570\/11\/odc_25.mp3\"><\/audio><\/figure>\n\n\n\n<p>Odc. 26<br>Nowi radcowie<\/p>\n\n\n\n<p>Data emisji: 14.07.2005<br> Czas trwania: 4\u201941\u201d<\/p>\n\n\n\n<figure class=\"wp-block-audio\"><audio controls=\"\" src=\"https:\/\/pbc.uw.edu.pl\/16570\/12\/odc_26.mp3\"><\/audio><\/figure>\n\n\n\n<p>Odc. 27<br>Od ambasadorowej do kierowcy<\/p>\n\n\n\n<p>Data emisji: 21.07.2005<br> Czas trwania: 4\u201949\u201d<\/p>\n\n\n\n<figure class=\"wp-block-audio\"><audio controls=\"\" src=\"https:\/\/pbc.uw.edu.pl\/16570\/13\/odc_27.mp3\"><\/audio><\/figure>\n\n\n\n<p>Odc. 28<br>\u017bycie codzienne ambasady<\/p>\n\n\n\n<p>Data emisji: 28.07.2005<br> Czas trwania: 5\u201906\u201d<\/p>\n\n\n\n<figure class=\"wp-block-audio\"><audio controls=\"\" src=\"https:\/\/pbc.uw.edu.pl\/16570\/14\/odc_28.mp3\"><\/audio><\/figure>\n\n\n\n<p>Odc. 29<br>Rok 1933<\/p>\n\n\n\n<p>Data emisji: 04.08.2005<br>Czas trwania: 6\u201951\u201d<\/p>\n\n\n\n<figure class=\"wp-block-audio\"><audio controls=\"\" src=\" https:\/\/pbc.uw.edu.pl\/16571\/1\/odc_29.mp3 \"><\/audio><\/figure>\n\n\n\n<p>Odc. 30<br>Cie\u0144 marsza\u0142ka Pi\u0142sudzkiego<\/p>\n\n\n\n<p>Data emisji: 25.08.2005 <br> Czas trwania: 6\u201932\u201d<\/p>\n\n\n\n<figure class=\"wp-block-audio\"><audio controls=\"\" src=\" https:\/\/pbc.uw.edu.pl\/16571\/2\/odc_30.mp3 \"><\/audio><\/figure>\n\n\n\n<p>Odc. 31<br>Wobec komunizmu<\/p>\n\n\n\n<p>Data emisji: 08.09.2005  <br> Czas trwania: 5\u201926\u201d<\/p>\n\n\n\n<figure class=\"wp-block-audio\"><audio controls=\"\" src=\" https:\/\/pbc.uw.edu.pl\/16571\/3\/odc_31.mp3 \"><\/audio><\/figure>\n\n\n\n<p>Odc. 32<br>\u015amier\u0107 ambasadora Skrzy\u0144skiego<\/p>\n\n\n\n<p>Data emisji: 15.09.2005 <br> Czas trwania: 5\u201915\u201d<\/p>\n\n\n\n<figure class=\"wp-block-audio\"><audio controls=\"\" src=\" https:\/\/pbc.uw.edu.pl\/16571\/4\/odc_32.mp3 \"><\/audio><\/figure>\n\n\n\n<p>Odc. 33<br>\u201cD\u0142ugie <em>ad interim<\/p>\n\n\n\n<\/em><p>Data emisji: 22.09.2005 <br> Czas trwania: 5\u201919\u201d<\/p>\n\n\n\n<figure class=\"wp-block-audio\"><audio controls=\"\" src=\" https:\/\/pbc.uw.edu.pl\/16571\/5\/odc_33.mp3 \"><\/audio><\/figure>\n\n\n\n<p>Odc. 34<br>Wolne Miasto Gda\u0144sk<\/p>\n\n\n\n<p>Data emisji: 19.09.2005 <br> Czas trwania: 5\u201940\u201d<\/p>\n\n\n\n<figure class=\"wp-block-audio\"><audio controls=\"\" src=\" https:\/\/pbc.uw.edu.pl\/16571\/6\/odc_34.mp3 \"><\/audio><\/figure>\n\n\n\n<p>Odc. 35<br>Ambasador Papee<\/p>\n\n\n\n<p>Data emisji: 06.10.2005 <br> Czas trwania: 5\u201926\u201d<\/p>\n\n\n\n<figure class=\"wp-block-audio\"><audio controls=\"\" src=\" https:\/\/pbc.uw.edu.pl\/16571\/7\/odc_35.mp3 \"><\/audio><\/figure>\n\n\n\n<p>Odc. 36<br>Sierpniowe dni 1939<\/p>\n\n\n\n<p>Data emisji: 13.10.2005<br> Czas trwania: 5\u201957\u201d<\/p>\n\n\n\n<figure class=\"wp-block-audio\"><audio controls=\"\" src=\" https:\/\/pbc.uw.edu.pl\/16571\/8\/odc_36.mp3 \"><\/audio><\/figure>\n\n\n\n<p>Odc. 37<br>Wrzesie\u0144 1939<\/p>\n\n\n\n<p>Data emisji: 20.10.2005 <br> Czas trwania: 5\u201900\u201d<\/p>\n\n\n\n<figure class=\"wp-block-audio\"><audio controls=\"\" src=\" https:\/\/pbc.uw.edu.pl\/16571\/9\/odc_37.mp3 \"><\/audio><\/figure>\n\n\n\n<p>Odc. 38<br>Rz\u0105d polski na obczy\u017anie<\/p>\n\n\n\n<p>Data emisji: 27.10.2005<br> Czas trwania: 5\u201900\u201d<\/p>\n\n\n\n<figure class=\"wp-block-audio\"><audio controls=\"\" src=\" https:\/\/pbc.uw.edu.pl\/16571\/10\/odc_38.mp3 \"><\/audio><\/figure>\n\n\n\n<p>Odc. 39<br>\u201cKontrowersyjna decyzja Piusa XII<\/p>\n\n\n\n<p>Data emisji: 02.11.2005<br>Czas trwania: 5\u201921\u201d<\/p>\n\n\n\n<figure class=\"wp-block-audio\"><audio controls=\"\" src=\" https:\/\/pbc.uw.edu.pl\/16571\/11\/odc_39.mp3 \"><\/audio><\/figure>\n\n\n\n<p>Odc. 40<br>Papieski g\u0142os za Polsk\u0105<\/p>\n\n\n\n<p>Data emisji: 10.11.2005<br> Czas trwania: 5\u201915\u201d<\/p>\n\n\n\n<figure class=\"wp-block-audio\"><audio controls=\"\" src=\" https:\/\/pbc.uw.edu.pl\/16571\/12\/odc_40.mp3 \"><\/audio><\/figure>\n\n\n\n<p>Odc. 41<br> Ci\u0105g dalszy sprawy nuncjusza przy rz\u0105dzie emigracyjnym<\/p>\n\n\n\n<p>Data emisji: 05.01.2006 <br> Czas trwania: 5\u201957\u201d<\/p>\n\n\n\n<figure class=\"wp-block-audio\"><audio controls=\"\" src=\" https:\/\/pbc.uw.edu.pl\/16572\/1\/odc_41.mp3\"><\/audio><\/figure>\n\n\n\n<p>Odc. 42<br>Za murami Watykanu <br> Data emisji: 19.01.2006<\/p>\n\n\n\n<p>Czas trwania: 5\u201909\u201d<\/p>\n\n\n\n<figure class=\"wp-block-audio\"><audio controls=\"\" src=\" https:\/\/pbc.uw.edu.pl\/16572\/2\/odc_42.mp3\"><\/audio><\/figure>\n\n\n\n<p>Odc. 43<br>Wobec okrucie\u0144stwa niemieckiego<\/p>\n\n\n\n<p>Data emisji: 09.02.2006<br> Czas trwania: 6\u201906\u201d<\/p>\n\n\n\n<figure class=\"wp-block-audio\"><audio controls=\"\" src=\" https:\/\/pbc.uw.edu.pl\/16572\/3\/odc_43.mp3\"><\/audio><\/figure>\n\n\n\n<p>Odc. 44<br>Kolejne pr\u00f3by pomocy<\/p>\n\n\n\n<p>Data emisji: 16.02.2006<br>Czas trwania: 5\u201941\u201d<\/p>\n\n\n\n<figure class=\"wp-block-audio\"><audio controls=\"\" src=\" https:\/\/pbc.uw.edu.pl\/16572\/4\/odc_44.mp3\"><\/audio><\/figure>\n\n\n\n<p>Odc. 45<br>G\u0142os pocieszenia<\/p>\n\n\n\n<p>Data emisji: 23.02.2006<br>Czas trwania: 6\u201922\u201d<\/p>\n\n\n\n<figure class=\"wp-block-audio\"><audio controls=\"\" src=\" https:\/\/pbc.uw.edu.pl\/16572\/5\/odc_45.mp3\"><\/audio><\/figure>\n\n\n\n<p>Odc. 46<br>List prezydenta Raczkiewicza<\/p>\n\n\n\n<p>Data emisji: 02.03.2006<br>Czas trwania: 7\u201904\u201d<\/p>\n\n\n\n<figure class=\"wp-block-audio\"><audio controls=\"\" src=\" https:\/\/pbc.uw.edu.pl\/16572\/6\/odc_46.mp3\"><\/audio><\/figure>\n\n\n\n<p>Odc. 47<br>Pod okupacj\u0105 sowieck\u0105<\/p>\n\n\n\n<p>Data emisji: 09.03.2006<br>Czas trwania: 5\u201917\u201d<\/p>\n\n\n\n<figure class=\"wp-block-audio\"><audio controls=\"\" src=\" https:\/\/pbc.uw.edu.pl\/16572\/7\/odc_47.mp3\"><\/audio><\/figure>\n\n\n\n<p>Odc. 48<br>Wojna niemiecko-sowiecka<\/p>\n\n\n\n<p>Data emisji: 23.03.2006 <br>Czas trwania: 4\u201959\u201d<\/p>\n\n\n\n<figure class=\"wp-block-audio\"><audio controls=\"\" src=\" https:\/\/pbc.uw.edu.pl\/16572\/8\/odc_48.mp3\"><\/audio><\/figure>\n\n\n\n<p>Odc. 49<br>Kraj Warty<\/p>\n\n\n\n<p>Data emisji: 06.04.2006 <br>Czas trwania: 5\u201952\u201d<\/p>\n\n\n\n<figure class=\"wp-block-audio\"><audio controls=\"\" src=\" https:\/\/pbc.uw.edu.pl\/16572\/9\/odc_49.mp3\"><\/audio><\/figure>\n\n\n\n<p>Odc. 50<br>Kontrowersje wok\u00f3\u0142 papieskich nominacji dla kraju Warty<\/p>\n\n\n\n<p>Data emisji: 20.04.2006 <br> Czas trwania: 6\u201913\u201d<\/p>\n\n\n\n<figure class=\"wp-block-audio\"><audio controls=\"\" src=\" https:\/\/pbc.uw.edu.pl\/16572\/10\/odc_50.mp3\"><\/audio><\/figure>\n\n\n\n<p>Odc. 51<br>Papieskie or\u0119dzie wigilijne<\/p>\n\n\n\n<p>Data emisji: 27.04.2006 <br>Czas trwania: 5\u201941\u201d<\/p>\n\n\n\n<figure class=\"wp-block-audio\"><audio controls=\"\" src=\" https:\/\/pbc.uw.edu.pl\/16572\/11\/odc_51.mp3\"><\/audio><\/figure>\n\n\n\n<p>Odc. 52<br>Drugi list prezydenta Raczkiewicza do Piusa XII<\/p>\n\n\n\n<p>Data emisji: 11.05.2006<br> Czas trwania: 5\u201937\u201d<\/p>\n\n\n\n<figure class=\"wp-block-audio\"><audio controls=\"\" src=\" https:\/\/pbc.uw.edu.pl\/16573\/1\/odc_52.mp3\"><\/audio><\/figure>\n\n\n\n<p>Odc. 53<br>Pius XII przerywa milczenie<\/p>\n\n\n\n<p>Data emisji: 01.06.2006<br> Czas trwania: 6\u201900\u201d<\/p>\n\n\n\n<figure class=\"wp-block-audio\"><audio controls=\"\" src=\" https:\/\/pbc.uw.edu.pl\/16573\/2\/odc_53.mp3\"><\/audio><\/figure>\n\n\n\n<p>Odc. 54<br>Uk\u0142ad Sikorski-Majski<\/p>\n\n\n\n<p>Data emisji: 08.06.2006<br>Czas trwania: 6\u201907\u201d<\/p>\n\n\n\n<figure class=\"wp-block-audio\"><audio controls=\"\" src=\" https:\/\/pbc.uw.edu.pl\/16573\/3\/odc_54.mp3\"><\/audio><\/figure>\n\n\n\n<p>Odc. 55<br>Charge d\u2019affaires Godfrey<\/p>\n\n\n\n<p>Data emisji: 22.06.2006<br>Czas trwania: 5\u201929\u201d<\/p>\n\n\n\n<figure class=\"wp-block-audio\"><audio controls=\"\" src=\" https:\/\/pbc.uw.edu.pl\/16573\/4\/odc_55.mp3\"><\/audio><\/figure>\n\n\n\n<p>Odc. 56<br>Miranda del Ebro<\/p>\n\n\n\n<p>Data emisji: 29.06.2006<br>Czas trwania: 6\u201914\u201d<\/p>\n\n\n\n<figure class=\"wp-block-audio\"><audio controls=\"\" src=\" https:\/\/pbc.uw.edu.pl\/16573\/5\/odc_56.mp3\"><\/audio><\/figure>\n\n\n\n<p>Odc. 57<br>Prze\u015bladowania \u017byd\u00f3w<\/p>\n\n\n\n<p>Data emisji: 06.07.2006<br>Czas trwania: 5\u201933\u201d<\/p>\n\n\n\n<figure class=\"wp-block-audio\"><audio controls=\"\" src=\" https:\/\/pbc.uw.edu.pl\/16573\/6\/odc_57.mp3\"><\/audio><\/figure>\n\n\n\n<p>Odc. 58<br>Zag\u0142ada<\/p>\n\n\n\n<p>Data emisji: 13.07.2006<br>Czas trwania: 5\u201913\u201d<\/p>\n\n\n\n<figure class=\"wp-block-audio\"><audio controls=\"\" src=\" https:\/\/pbc.uw.edu.pl\/16573\/7\/odc_58.mp3\"><\/audio><\/figure>\n\n\n\n<p>Odc. 59<br>Stolica apostolska a sprawa \u017cydowska<\/p>\n\n\n\n<p>Data emisji: 20.07.2006<br> Czas trwania: 5\u201957\u201d<\/p>\n\n\n\n<figure class=\"wp-block-audio\"><audio controls=\"\" src=\" https:\/\/pbc.uw.edu.pl\/16573\/8\/odc_59.mp3\"><\/audio><\/figure>\n\n\n\n<p>Odc. 60<br>Okupacja Rzymu<\/p>\n\n\n\n<p>Data emisji: 27.07.2006<br> Czas trwania: 6\u201920\u201d<\/p>\n\n\n\n<figure class=\"wp-block-audio\"><audio controls=\"\" src=\" https:\/\/pbc.uw.edu.pl\/16573\/9\/odc_60.mp3\"><\/audio><\/figure>\n\n\n\n<p>Odc. 61<br>Schy\u0142ek 1943<\/p>\n\n\n\n<p>Data emisji: 03.08.2006<br>Czas trwania: 5\u201932\u201d<\/p>\n\n\n\n<figure class=\"wp-block-audio\"><audio controls=\"\" src=\" https:\/\/pbc.uw.edu.pl\/16573\/10\/odc_61.mp3\"><\/audio><\/figure>\n\n\n\n<p>Odc. 62<br>Sowieckie widmo nad Polsk\u0105<\/p>\n\n\n\n<p>Data emisji: 03.08.2006<br> Czas trwania: 6\u201919\u201d<\/p>\n\n\n\n<figure class=\"wp-block-audio\"><audio controls=\"\" src=\" https:\/\/pbc.uw.edu.pl\/16573\/11\/odc_62.mp3\"><\/audio><\/figure>\n\n\n\n<p>Odc. 63<br>Aresztowanie kardyna\u0142a Hlonda<\/p>\n\n\n\n<p>Data emisji: 17.08.2006<br>Czas trwania: 5\u201916\u201d<\/p>\n\n\n\n<figure class=\"wp-block-audio\"><audio controls=\"\" src=\" https:\/\/pbc.uw.edu.pl\/16574\/1\/odc_63.mp3\"><\/audio><\/figure>\n\n\n\n<p>Odc. 64<br>Monte Cassino<\/p>\n\n\n\n<p>Data emisji: 24.08.2006<br>Czas trwania: 5\u201921\u201d<\/p>\n\n\n\n<figure class=\"wp-block-audio\"><audio controls=\"\" src=\" https:\/\/pbc.uw.edu.pl\/16574\/2\/odc_64.mp3\"><\/audio><\/figure>\n\n\n\n<p>Odc. 65<br>Papieska audiencja dla polskich \u017co\u0142nierzy<\/p>\n\n\n\n<p>Data emisji: 07.09.2006<br> Czas trwania: 5\u201914\u201d<\/p>\n\n\n\n<figure class=\"wp-block-audio\"><audio controls=\"\" src=\" https:\/\/pbc.uw.edu.pl\/16574\/3\/odc_65.mp3\"><\/audio><\/figure>\n\n\n\n<p>Odc. 66<br>Powstanie Warszawskie<\/p>\n\n\n\n<p>Data emisji: 21.09.2006<br>Czas trwania: 5\u201957\u201d<\/p>\n\n\n\n<figure class=\"wp-block-audio\"><audio controls=\"\" src=\" https:\/\/pbc.uw.edu.pl\/16574\/4\/odc_66.mp3\"><\/audio><\/figure>\n\n\n\n<p>Odc. 67<br>Watykan wobec tragedii Powstania Warszawskiego<\/p>\n\n\n\n<p>Data emisji: 28.09.2006<br> Czas trwania: 5\u201933\u201d<\/p>\n\n\n\n<figure class=\"wp-block-audio\"><audio controls=\"\" src=\" https:\/\/pbc.uw.edu.pl\/16574\/5\/odc_67.mp3\"><\/audio><\/figure>\n\n\n\n<p>Odc. 68<br>Echa Powstania Warszawskiego<\/p>\n\n\n\n<p>Data emisji: 05.10.2006<br> Czas trwania: 5\u201920\u201d<\/p>\n\n\n\n<figure class=\"wp-block-audio\"><audio controls=\"\" src=\" https:\/\/pbc.uw.edu.pl\/16574\/6\/odc_68.mp3\"><\/audio><\/figure>\n\n\n\n<p>Odc. 69<br>Ambasada opuszcza Watykan<\/p>\n\n\n\n<p>Data emisji: 12.10.2006<br>Czas trwania: 5\u201942\u201d<\/p>\n\n\n\n<figure class=\"wp-block-audio\"><audio controls=\"\" src=\" https:\/\/pbc.uw.edu.pl\/16574\/7\/odc_69.mp3\"><\/audio><\/figure>\n\n\n\n<p>Odc. 70<br>Zmiany personalne w ambasadzie<\/p>\n\n\n\n<p>Data emisji: 09.11.2006<br> Czas trwania: 6\u201904\u201d<\/p>\n\n\n\n<figure class=\"wp-block-audio\"><audio controls=\"\" src=\" https:\/\/pbc.uw.edu.pl\/16574\/8\/odc_70.mp3\"><\/audio><\/figure>\n\n\n\n<p>Odc. 71<br>Sytuacja finansowa ambasady<\/p>\n\n\n\n<p> Data emisji: 09.11.2006<br>Czas trwania: 4\u201933\u201d<\/p>\n\n\n\n<figure class=\"wp-block-audio\"><audio controls=\"\" src=\" https:\/\/pbc.uw.edu.pl\/16574\/9\/odc_71.mp3\"><\/audio><\/figure>\n\n\n\n<p>Odc. 72<br>Wobec pogarszania si\u0119 polskiej sytuacji<\/p>\n\n\n\n<p>Data emisji: 16.11.2006<br> Czas trwania: 5\u201930\u201d<\/p>\n\n\n\n<figure class=\"wp-block-audio\"><audio controls=\"\" src=\" https:\/\/pbc.uw.edu.pl\/16574\/10\/odc_72.mp3\"><\/audio><\/figure>\n\n\n\n<p>Odc. 73<br>Przem\u00f3wienie Piusa XII do polskiej kolonii w Rzymie<\/p>\n\n\n\n<p>Data emisji: 07.12.2006<br> Czas trwania: 5\u201931\u201d<\/p>\n\n\n\n<figure class=\"wp-block-audio\"><audio controls=\"\" src=\" https:\/\/pbc.uw.edu.pl\/16574\/11\/odc_73.mp3\"><\/audio><\/figure>\n\n\n\n<p>Odc. 74<br>Podarunek gen. Andersa<\/p>\n\n\n\n<p>Data emisji: 14.12.2006<br>Czas trwania: 5\u201919\u201d<\/p>\n\n\n\n<figure class=\"wp-block-audio\"><audio controls=\"\" src=\" https:\/\/pbc.uw.edu.pl\/16574\/12\/odc_74.mp3\"><\/audio><\/figure>\n\n\n\n<p>Odc. 75<br>Podzia\u0142 \u015bwiata<\/p>\n\n\n\n<p>Data emisji: 21.12.2006<br>Czas trwania: 5\u201905\u201d<\/p>\n\n\n\n<figure class=\"wp-block-audio\"><audio controls=\"\" src=\"https:\/\/pbc.uw.edu.pl\/16575\/1\/odc_75.mp3\"><\/audio><\/figure>\n\n\n\n<p>Odc. 76<br>Watyka\u0144skie echa Ja\u0142ty<\/p>\n\n\n\n<p>Data emisji: 28.12.2006<br>Czas trwania: 4\u201942\u201d<\/p>\n\n\n\n<figure class=\"wp-block-audio\"><audio controls=\"\" src=\"https:\/\/pbc.uw.edu.pl\/16575\/2\/odc_76.mp3 \"><\/audio><\/figure>\n\n\n\n<p>Odc. 77<br>Dziwna wiosna<\/p>\n\n\n\n<p>Data emisji: 04.01.2007<br>Czas trwania: 5\u201935\u201d<\/p>\n\n\n\n<figure class=\"wp-block-audio\"><audio controls=\"\" src=\"https:\/\/pbc.uw.edu.pl\/16575\/3\/odc_77.mp3 \"><\/audio><\/figure>\n\n\n\n<p>Odc. 78<br>Koniec wojny, czyli na rozdro\u017cu<\/p>\n\n\n\n<p>Data emisji: 11.01.2007<br>Czas trwania: 4\u201945\u201d<\/p>\n\n\n\n<figure class=\"wp-block-audio\"><audio controls=\"\" src=\"https:\/\/pbc.uw.edu.pl\/16575\/4\/odc_78.mp3 \"><\/audio><\/figure>\n\n\n\n<p>Odc. 79<br>Prymas Hlond w Rzymie<\/p>\n\n\n\n<p>Data emisji: 18.01.2007<br>Czas trwania: 5\u201940\u201d<\/p>\n\n\n\n<figure class=\"wp-block-audio\"><audio controls=\"\" src=\"https:\/\/pbc.uw.edu.pl\/16575\/5\/odc_79.mp3 \"><\/audio><\/figure>\n\n\n\n<p>Odc. 80<br>Powr\u00f3t kardyna\u0142a Hlonda do Polski<\/p>\n\n\n\n<p>Data emisji: 25.01.2007<br>Czas trwania: 5\u201949\u201d<\/p>\n\n\n\n<figure class=\"wp-block-audio\"><audio controls=\"\" src=\"https:\/\/pbc.uw.edu.pl\/16575\/6\/odc_80.mp3 \"><\/audio><\/figure>\n\n\n\n<p>Odc. 81<br>Cofni\u0119cie uznania dla rz\u0105du londy\u0144skiego<\/p>\n\n\n\n<p>Data emisji: 01.02.2007<br> Czas trwania: 5\u201911\u201d<\/p>\n\n\n\n<figure class=\"wp-block-audio\"><audio controls=\"\" src=\"https:\/\/pbc.uw.edu.pl\/16575\/7\/odc_81.mp3 \"><\/audio><\/figure>\n\n\n\n<p>Odc. 82<br>Nowy etap<\/p>\n\n\n\n<p>Data emisji: 08.02.2007<br>Czas trwania: 5\u201940\u201d<\/p>\n\n\n\n<figure class=\"wp-block-audio\"><audio controls=\"\" src=\"https:\/\/pbc.uw.edu.pl\/16575\/14\/odc_82.mp3 \"><\/audio><\/figure>\n\n\n\n<p>Odc. 83<br>Trudno\u015bci<\/p>\n\n\n\n<p>Data emisji: 15.02.2007<br>Czas trwania: 5\u201906\u201d<\/p>\n\n\n\n<figure class=\"wp-block-audio\"><audio controls=\"\" src=\"https:\/\/pbc.uw.edu.pl\/16575\/8\/odc_83.mp3 \"><\/audio><\/figure>\n\n\n\n<p>Odc. 84<br>Wypowiedzenie konkordatu<\/p>\n\n\n\n<p>Data emisji: 08.03.2007<br>Czas trwania: 5\u201914\u201d<\/p>\n\n\n\n<figure class=\"wp-block-audio\"><audio controls=\"\" src=\"https:\/\/pbc.uw.edu.pl\/16575\/9\/odc_84.mp3 \"><\/audio><\/figure>\n\n\n\n<p>Odc. 85<br>Wie\u015bci od Prymasa<\/p>\n\n\n\n<p>Data emisji: 15.03.2007<br>Czas trwania: 4\u201955\u201d<\/p>\n\n\n\n<figure class=\"wp-block-audio\"><audio controls=\"\" src=\"https:\/\/pbc.uw.edu.pl\/16575\/10\/odc_85.mp3 \"><\/audio><\/figure>\n\n\n\n<p>Odc. 86<br>Warszawi\u015bci<\/p>\n\n\n\n<p>Data emisji: 29.03.2007<br>Czas trwania: 5\u201921\u201d<\/p>\n\n\n\n<figure class=\"wp-block-audio\"><audio controls=\"\" src=\"https:\/\/pbc.uw.edu.pl\/16575\/11\/odc_86.mp3 \"><\/audio><\/figure>\n\n\n\n<p>Odc. 87<br>Sapieha kardyna\u0142em<\/p>\n\n\n\n<p>Data emisji: 12.04.2007<br>Czas trwania: 4\u201957\u201d<\/p>\n\n\n\n<figure class=\"wp-block-audio\"><audio controls=\"\" src=\"https:\/\/pbc.uw.edu.pl\/16575\/12\/odc_87.mp3 \"><\/audio><\/figure>\n\n\n\n<p>Odc. 88<br>Rzymskie rozmowy Sapiehy<\/p>\n\n\n\n<p>Data emisji: 26.04.2007<br>Czas trwania: 5\u201901\u201d<\/p>\n\n\n\n<figure class=\"wp-block-audio\"><audio controls=\"\" src=\"https:\/\/pbc.uw.edu.pl\/16575\/13\/odc_88.mp3 \"><\/audio><\/figure>\n\n\n\n<p>Odc. 89<br>Konsystorz<\/p>\n\n\n\n<p>Data emisji: 03.05.2007<br>Czas trwania: 5\u201930\u201d<\/p>\n\n\n\n<figure class=\"wp-block-audio\"><audio controls=\"\" src=\"https:\/\/pbc.uw.edu.pl\/16576\/1\/89.mp3\"><\/audio><\/figure>\n\n\n\n<p>Odc. 90<br>Prymasostwo w Warszawie<\/p>\n\n\n\n<p>Data emisji: 170507<br>Czas trwania: 6\u201900\u201d<\/p>\n\n\n\n<figure class=\"wp-block-audio\"><audio controls=\"\" src=\"https:\/\/pbc.uw.edu.pl\/16576\/2\/90.mp3\"><\/audio><\/figure>\n\n\n\n<p>Odc. 91<br>Po\u017cegnanie gen. W\u0142adys\u0142awa Andersa<\/p>\n\n\n\n<p>Data emisji: 24.05.2007<br> Czas trwania: 5\u201909\u201d<\/p>\n\n\n\n<figure class=\"wp-block-audio\"><audio controls=\"\" src=\"https:\/\/pbc.uw.edu.pl\/16576\/3\/91.mp3\"><\/audio><\/figure>\n\n\n\n<p>Odc. 92<br>Referendum<\/p>\n\n\n\n<p>Data emisji: 31.05.2007<br>Czas trwania: 5\u201936\u201d<\/p>\n\n\n\n<figure class=\"wp-block-audio\"><audio controls=\"\" src=\"https:\/\/pbc.uw.edu.pl\/16576\/4\/92.mp3\"><\/audio><\/figure>\n\n\n\n<p>Odc. 93<br>Tr\u00f3jbiegunowy \u015bwiat<\/p>\n\n\n\n<p>Data emisji: 07.06.2007<br>Czas trwania: 5\u201936\u201d<\/p>\n\n\n\n<figure class=\"wp-block-audio\"><audio controls=\"\" src=\"https:\/\/pbc.uw.edu.pl\/16576\/5\/93.mp3\"><\/audio><\/figure>\n\n\n\n<p>Odc. 94<br>Przedwyborczy pobyt Prymasa w Rzymie<\/p>\n\n\n\n<p>Data emisji: 14.06.2007<br> Czas trwania: 5\u201914\u201d<\/p>\n\n\n\n<figure class=\"wp-block-audio\"><audio controls=\"\" src=\"https:\/\/pbc.uw.edu.pl\/16576\/6\/94.mp3\"><\/audio><\/figure>\n\n\n\n<p>Odc. 95<br>Wybory<\/p>\n\n\n\n<p>Data emisji: 21.06.2007<br>Czas trwania: 5\u201938\u201d<\/p>\n\n\n\n<figure class=\"wp-block-audio\"><audio controls=\"\" src=\"https:\/\/pbc.uw.edu.pl\/16576\/7\/95.mp3\"><\/audio><\/figure>\n\n\n\n<p>Odc. 96<br>Pierwsza misja Pruszy\u0144skiego<\/p>\n\n\n\n<p>Data emisji: 28.06.2007<br> Czas trwania: 5\u201934\u201d<\/p>\n\n\n\n<figure class=\"wp-block-audio\"><audio controls=\"\" src=\"https:\/\/pbc.uw.edu.pl\/16576\/8\/96.mp3\"><\/audio><\/figure>\n\n\n\n<p>Odc. 97<br>Pruszy\u0144ski ponownie w Rzymie<\/p>\n\n\n\n<p>Data emisji: 05.07.2007<br> Czas trwania: 4\u201943\u201d<\/p>\n\n\n\n<figure class=\"wp-block-audio\"><audio controls=\"\" src=\"https:\/\/pbc.uw.edu.pl\/16576\/9\/97.mp3\"><\/audio><\/figure>\n\n\n\n<p>Odc. 98<br>Echa misji Pruszy\u0144skiego w Rzymie<\/p>\n\n\n\n<p>Data emisji: 12.07.2007<br>Czas trwania: 4\u201916\u201d<\/p>\n\n\n\n<figure class=\"wp-block-audio\"><audio controls=\"\" src=\"https:\/\/pbc.uw.edu.pl\/16576\/10\/98.mp3\"><\/audio><\/figure>\n\n\n\n<p>Odc. 99<br>\u015amier\u0107 prezydenta Raczkiewicza<\/p>\n\n\n\n<p>Data emisji: 19.07.2007<br> Czas trwania: 5\u201903\u201d<\/p>\n\n\n\n<figure class=\"wp-block-audio\"><audio controls=\"\" src=\"https:\/\/pbc.uw.edu.pl\/16576\/11\/99.mp3\"><\/audio><\/figure>\n\n\n\n<p>Odc. 100<br>Ucieczka Miko\u0142ajczyka z Polski<\/p>\n\n\n\n<p>Data emisji: 26.07.2007<br>Czas trwania: 4\u201958\u201d<\/p>\n\n\n\n<figure class=\"wp-block-audio\"><audio controls=\"\" src=\"https:\/\/pbc.uw.edu.pl\/16576\/12\/100.mp3\"><\/audio><\/figure>\n\n\n\n<p>Odc. 101<br>Sprawa wizytatora apostolskiego<\/p>\n\n\n\n<p>Data emisji: 02.08.2007<br>Czas trwania: 4\u201948\u201d<\/p>\n\n\n\n<figure class=\"wp-block-audio\"><audio controls=\"\" src=\"https:\/\/pbc.uw.edu.pl\/16576\/13\/101.mp3\"><\/audio><\/figure>\n\n\n\n<p>Odc. 102<br>Rzymskie po\u017cegnanie kard. Hlonda<\/p>\n\n\n\n<p>Data emisji: 09.08.2007<br>Czas trwania: 5\u201922\u201d<\/p>\n\n\n\n<figure class=\"wp-block-audio\"><audio controls=\"\" src=\"https:\/\/pbc.uw.edu.pl\/16576\/14\/102.mp3\"><\/audio><\/figure>\n\n\n\n<p>Odc. 103<br>W\u0142oskie wybory<\/p>\n\n\n\n<p>Data emisji: 16.08.2007<br>Czas trwania: 5\u201956\u201d<\/p>\n\n\n\n<figure class=\"wp-block-audio\"><audio controls=\"\" src=\"https:\/\/pbc.uw.edu.pl\/16576\/15\/103.mp3\"><\/audio><\/figure>\n\n\n\n<p>Odc. 104<br>Nowa siedziba i normalizacja statusu ambasady<\/p>\n\n\n\n<p>Data emisji: 23.08.2007<br>Czas trwania: 5\u201907\u201d<\/p>\n\n\n\n<figure class=\"wp-block-audio\"><audio controls=\"\" src=\" https:\/\/pbc.uw.edu.pl\/16577\/1\/104.mp3\"><\/audio><\/figure>\n\n\n\n<p>Odc. 105<br>Fa\u0142szywy krok Piusa XII<\/p>\n\n\n\n<p>Data emisji: 30.08.2007<br>Czas trwania: 5\u201915\u201d<\/p>\n\n\n\n<figure class=\"wp-block-audio\"><audio controls=\"\" src=\" https:\/\/pbc.uw.edu.pl\/16577\/2\/105.mp3\"><\/audio><\/figure>\n\n\n\n<p>Odc. 106<br>Reperkusje listu Piusa XII do biskup\u00f3w niemieckich<\/p>\n\n\n\n<p>Data emisji: 06.09.2007<br> Czas trwania: 5\u201949\u201d<\/p>\n\n\n\n<figure class=\"wp-block-audio\"><audio controls=\"\" src=\" https:\/\/pbc.uw.edu.pl\/16577\/3\/106.mp3\"><\/audio><\/figure>\n\n\n\n<p>Odc. 107<p>Powojenna wizyta <em>Ad limina<\/em> kard. Sapiehy<\/p>\n\n\n\n<p>Data emisji: 13.09.2007<br>Czas trwania: 4\u201959\u201d<\/p>\n\n\n\n<figure class=\"wp-block-audio\"><audio controls=\"\" src=\" https:\/\/pbc.uw.edu.pl\/16577\/4\/107.mp3\"><\/audio><\/figure>\n\n\n\n<p>Odc. 108<br>\u015amier\u0107 kardyna\u0142a Hlonda<\/p>\n\n\n\n<p>Data emisji: 20.09.2007<br>Czas trwania: 4\u201937\u201d<\/p>\n\n\n\n<figure class=\"wp-block-audio\"><audio controls=\"\" src=\" https:\/\/pbc.uw.edu.pl\/16577\/5\/108.mp3\"><\/audio><\/figure>\n\n\n\n<p>Odc. 109<br>Sukcesja<\/p>\n\n\n\n<p>Data emisji: 27.09.2007<br>Czas trwania: 5\u201949\u201d<\/p>\n\n\n\n<figure class=\"wp-block-audio\"><audio controls=\"\" src=\" https:\/\/pbc.uw.edu.pl\/16577\/6\/109.mp3\"><\/audio><\/figure>\n\n\n\n<p>Odc. 110<br>Prymas Wyszy\u0144ski<\/p>\n\n\n\n<p>Data emisji: 04.10.2007<br>Czas trwania: 6\u201903\u201d<\/p>\n\n\n\n<figure class=\"wp-block-audio\"><audio controls=\"\" src=\" https:\/\/pbc.uw.edu.pl\/16577\/7\/110.mp3\"><\/audio><\/figure>\n\n\n\n<p>Odc. 111<br>Propolskie lobby w Watykanie<\/p>\n\n\n\n<p>Data emisji: 11.10.2007<br>Czas trwania: 5\u201956\u201d<\/p>\n\n\n\n<figure class=\"wp-block-audio\"><audio controls=\"\" src=\" https:\/\/pbc.uw.edu.pl\/16577\/8\/111.mp3\"><\/audio><\/figure>\n\n\n\n<p>Odc. 112<br>W\u0119gry<\/p>\n\n\n\n<p>Data emisji: 18.10.2007<br>Czas trwania: 6\u201914\u201d<\/p>\n\n\n\n<figure class=\"wp-block-audio\"><audio controls=\"\" src=\" https:\/\/pbc.uw.edu.pl\/16577\/9\/112.mp3\"><\/audio><\/figure>\n\n\n\n<p>Odc. 113<br>Duszpasterstwo emigracji<\/p>\n\n\n\n<p>Data emisji: 25.10.2007<br>Czas trwania: 5\u201922\u201d<\/p>\n\n\n\n<figure class=\"wp-block-audio\"><audio controls=\"\" src=\" https:\/\/pbc.uw.edu.pl\/16577\/10\/113.mp3\"><\/audio><\/figure>\n\n\n\n<p>Odc. 114<br>Nowy minister spraw zagranicznych<\/p>\n\n\n\n<p>Data emisji: 01.11.07<br> Czas trwania: 5\u201931\u201d<\/p>\n\n\n\n<figure class=\"wp-block-audio\"><audio controls=\"\" src=\" https:\/\/pbc.uw.edu.pl\/16577\/11\/114.mp3\"><\/audio><\/figure>\n\n\n\n<p>Odc. 115<br>Pot\u0119pienie komunizmu<\/p>\n\n\n\n<p>Data emisji: 08.11.2007<br>Czas trwania: 5\u201908\u201d<\/p>\n\n\n\n<figure class=\"wp-block-audio\"><audio controls=\"\" src=\" https:\/\/pbc.uw.edu.pl\/16577\/12\/115.mp3\"><\/audio><\/figure>\n\n\n\n<p>Odc. 116<br>Rocznica wybuchu drugiej wojny \u015bwiatowej<\/p>\n\n\n\n<p>Data emisji: 15.11.2007<br> Czas trwania: 5\u201914\u201d<\/p>\n\n\n\n<figure class=\"wp-block-audio\"><audio controls=\"\" src=\" https:\/\/pbc.uw.edu.pl\/16577\/13\/116.mp3\"><\/audio><\/figure>\n\n\n\n<p>Odc. 117<br>Komisja mieszana<\/p>\n\n\n\n<p>Data emisji: 22.11.2007<br>Czas trwania: 5\u201913\u201d<\/p>\n\n\n\n<figure class=\"wp-block-audio\"><audio controls=\"\" src=\" https:\/\/pbc.uw.edu.pl\/16577\/14\/117.mp3\"><\/audio><\/figure>\n\n\n\n<p>Odc. 118<br>Likwidacja Caritas<\/p>\n\n\n\n<p>Data emisji: 29.11.2007<br>Czas trwania: 6\u201900\u201d<\/p>\n\n\n\n<figure class=\"wp-block-audio\"><audio controls=\"\" src=\"https:\/\/pbc.uw.edu.pl\/16578\/1\/118.mp3\"><\/audio><\/figure>\n\n\n\n<p>Odc. 119<br>Porozumienie<\/p>\n\n\n\n<p>Data emisji: 06.12.2007<br>Czas trwania: 5\u201913\u201d<\/p>\n\n\n\n<figure class=\"wp-block-audio\"><audio controls=\"\" src=\"https:\/\/pbc.uw.edu.pl\/16578\/2\/119.mp3\"><\/audio><\/figure>\n\n\n\n<p>Odc. 120<br>Rzymskie echa porozumienia Ko\u015bcio\u0142a z rz\u0105dem<\/p>\n\n\n\n<p>Data emisji: 13.12.2007<br>Czas trwania: 5\u201949\u201d<\/p>\n\n\n\n<figure class=\"wp-block-audio\"><audio controls=\"\" src=\"https:\/\/pbc.uw.edu.pl\/16578\/3\/120.mp3\"><\/audio><\/figure>\n\n\n\n<p>Odc. 121<br>Czechy<\/p>\n\n\n\n<p>Data emisji: 20.12.2007<br>Czas trwania: 5\u201958\u201d<\/p>\n\n\n\n<figure class=\"wp-block-audio\"><audio controls=\"\" src=\"https:\/\/pbc.uw.edu.pl\/16578\/4\/121.mp3\"><\/audio><\/figure>\n\n\n\n<p>Odc. 122<br>Apel sztokholmski<\/p>\n\n\n\n<p>Data emisji: 03.01.2008<br>Czas trwania: 6\u201933\u201d<\/p>\n\n\n\n<figure class=\"wp-block-audio\"><audio controls=\"\" src=\"https:\/\/pbc.uw.edu.pl\/16578\/5\/122.mp3\"><\/audio><\/figure>\n\n\n\n<p>Odc. 122-123<br>Historia ojca Turowskiego<\/p>\n\n\n\n<p>Data emisji: 10.01.2008<br> Czas trwania: 7\u201933\u201d<\/p>\n\n\n\n<figure class=\"wp-block-audio\"><audio controls=\"\" src=\"https:\/\/pbc.uw.edu.pl\/16578\/6\/122-123.mp3\"><\/audio><\/figure>\n\n\n\n<p>Odc. 124<br>Przed wizyt\u0105 Prymasa w Rzymie<\/p>\n\n\n\n<p>Data emisji: 17.01.2008<br>Czas trwania: 4\u201953\u201d<\/p>\n\n\n\n<figure class=\"wp-block-audio\"><audio controls=\"\" src=\"https:\/\/pbc.uw.edu.pl\/16578\/7\/124.mp3\"><\/audio><\/figure>\n\n\n\n<p>Odc. 125<br>Pierwsza wizyta Prymasa Wyszy\u0144skiego w Rzymie<\/p>\n\n\n\n<p>Data emisji: 07.02.2008<br>Czas trwania: 6\u201920\u201d<\/p>\n\n\n\n<figure class=\"wp-block-audio\"><audio controls=\"\" src=\"https:\/\/pbc.uw.edu.pl\/16578\/8\/125.mp3\"><\/audio><\/figure>\n\n\n\n<p>Odc. 126<br>Echa wizyta Prymasa Wyszy\u0144skiego w Rzymie<\/p>\n\n\n\n<p>Data emisji: 14.02.2008<br>Czas trwania: 4\u201954\u201d<\/p>\n\n\n\n<figure class=\"wp-block-audio\"><audio controls=\"\" src=\"https:\/\/pbc.uw.edu.pl\/16578\/9\/126.mp3\"><\/audio><\/figure>\n\n\n\n<p>Odc. 127<br>W obronie Piusa XII<\/p>\n\n\n\n<p>Data emisji: 28.02.2008<br>Czas trwania: 6\u201939\u201d<\/p>\n\n\n\n<figure class=\"wp-block-audio\"><audio controls=\"\" src=\"https:\/\/pbc.uw.edu.pl\/16578\/10\/127.mp3\"><\/audio><\/figure>\n\n\n\n<p>Odc. 129<br>O nowe nominacje kardynalskie dla Polski<\/p>\n\n\n\n<p>Data emisji: 13.03.2008<br>Czas trwania: 7\u201903\u201d<\/p>\n\n\n\n<figure class=\"wp-block-audio\"><audio controls=\"\" src=\"https:\/\/pbc.uw.edu.pl\/16578\/11\/129.mp3\"><\/audio><\/figure>\n\n\n\n<p>Odc. 130<br>Konsystorz bez Prymasa Polski<\/p>\n\n\n\n<p>Data emisji: 27.03.2008<br>Czas trwania: 5\u201920\u201d<\/p>\n\n\n\n<figure class=\"wp-block-audio\"><audio controls=\"\" src=\"https:\/\/pbc.uw.edu.pl\/16578\/12\/130.mp3\"><\/audio><\/figure>\n\n\n\n<p>Odc. 131<br>Perypetie personalno-finansowe ambasady<\/p>\n\n\n\n<p>Data emisji: 03.04.2008<br> Czas trwania: 5\u201939\u201d<\/p>\n\n\n\n<figure class=\"wp-block-audio\"><audio controls=\"\" src=\"https:\/\/pbc.uw.edu.pl\/16579\/1\/131.mp3\"><\/audio><\/figure>\n\n\n\n<p>Odc. 132<br>Watykan w 1953 r.<\/p>\n\n\n\n<p>Data emisji: 10.04.2008<br>Czas trwania: 6\u201914\u201d<\/p>\n\n\n\n<figure class=\"wp-block-audio\"><audio controls=\"\" src=\"https:\/\/pbc.uw.edu.pl\/16579\/2\/132.mp3\"><\/audio><\/figure>\n\n\n\n<p>Odc. 133<br>Ofensywa komunist\u00f3w<\/p>\n\n\n\n<p>Data emisji: 24.04.2008<br>Czas trwania: 5\u201908\u201d<\/p>\n\n\n\n<figure class=\"wp-block-audio\"><audio controls=\"\" src=\"https:\/\/pbc.uw.edu.pl\/16579\/3\/133.mp3\"><\/audio><\/figure>\n\n\n\n<p>Odc. 134<br><em>Non possumus<\/em><\/p>\n\n\n\n<p>Data emisji: 01.05.2008<br>Czas trwania: 5\u201929\u201d<\/p>\n\n\n\n<figure class=\"wp-block-audio\"><audio controls=\"\" src=\"https:\/\/pbc.uw.edu.pl\/16579\/4\/134.mp3\"><\/audio><\/figure>\n\n\n\n<p>Odc. 135<br>Aresztowanie Prymasa Wyszy\u0144skiego<\/p>\n\n\n\n<p>Data emisji: 08.05.2008<br>Czas trwania: 5\u201927\u201d<\/p>\n\n\n\n<figure class=\"wp-block-audio\"><audio controls=\"\" src=\"https:\/\/pbc.uw.edu.pl\/16579\/5\/135.mp3\"><\/audio><\/figure>\n\n\n\n<p>Odc. 136<br>W obronie kard. Wyszy\u0144skieg<\/p>\n\n\n\n<p>Data emisji: 15.05.2008<br>Czas trwania: 5\u201903\u201d<\/p>\n\n\n\n<figure class=\"wp-block-audio\"><audio controls=\"\" src=\"https:\/\/pbc.uw.edu.pl\/16579\/6\/136.mp3\"><\/audio><\/figure>\n\n\n\n<p>Odc. 137<br>Utrwali\u0107 polski \u015blad<\/p>\n\n\n\n<p>Data emisji: 22.05.2008<br>Czas trwania: 5\u201929\u201d<\/p>\n\n\n\n<figure class=\"wp-block-audio\"><audio controls=\"\" src=\"https:\/\/pbc.uw.edu.pl\/16579\/14\/137.mp3\"><\/audio><\/figure>\n\n\n\n<p>Odc. 138<br>Episkopat bez pasterza<\/p>\n\n\n\n<p>Data emisji: 05.06.2008<br>Czas trwania: 5\u201900\u201d<\/p>\n\n\n\n<figure class=\"wp-block-audio\"><audio controls=\"\" src=\"https:\/\/pbc.uw.edu.pl\/16579\/7\/138.mp3\"><\/audio><\/figure>\n\n\n\n<p>Odc. 139<br>Rz\u0105d na emigracji bez papieskiego przedstawiciela<\/p>\n\n\n\n<p>Data emisji: 12.06.2008<br>Czas trwania: 5\u201932\u201d<\/p>\n\n\n\n<figure class=\"wp-block-audio\"><audio controls=\"\" src=\"https:\/\/pbc.uw.edu.pl\/16579\/8\/139.mp3\"><\/audio><\/figure>\n\n\n\n<p>Odc. 140<br>Choroba Piusa XII<\/p>\n\n\n\n<p>Data emisji: 19.06.2008<br>Czas trwania: 5\u201918\u201d<\/p>\n\n\n\n<figure class=\"wp-block-audio\"><audio controls=\"\" src=\"https:\/\/pbc.uw.edu.pl\/16579\/9\/140.mp3\"><\/audio><\/figure>\n\n\n\n<p>Odc. 141<br>Instrukcja na wypadek konklawe<\/p>\n\n\n\n<p>Data emisji: 26.06.2008<br>Czas trwania: 6\u201952\u201d<\/p>\n\n\n\n<figure class=\"wp-block-audio\"><audio controls=\"\" src=\"https:\/\/pbc.uw.edu.pl\/16579\/10\/141.mp3\"><\/audio><\/figure>\n\n\n\n<p>Odc. 142<br>Dzie\u0144 modlitw za prze\u015bladowany Ko\u015bci\u00f3\u0142<\/p>\n\n\n\n<p>Data emisji: 03.07.2008<br> Czas trwania: 5\u201914\u201d<\/p>\n\n\n\n<figure class=\"wp-block-audio\"><audio controls=\"\" src=\"https:\/\/pbc.uw.edu.pl\/16579\/11\/142.mp3\"><\/audio><\/figure>\n\n\n\n<p>Odc. 143<br>Rozbicie emigracji<\/p>\n\n\n\n<p>Data emisji: 10.07.2008<br>Czas trwania: 5\u201952\u201d<\/p>\n\n\n\n<figure class=\"wp-block-audio\"><audio controls=\"\" src=\"https:\/\/pbc.uw.edu.pl\/16579\/12\/143.mp3\"><\/audio><\/figure>\n\n\n\n<p>Odc. 144<br>Rocznica Ja\u0142ty<\/p>\n\n\n\n<p>Data emisji: 24.07.2008<br>Czas trwania: 6\u201900\u201d<\/p>\n\n\n\n<figure class=\"wp-block-audio\"><audio controls=\"\" src=\"https:\/\/pbc.uw.edu.pl\/16579\/13\/144.mp3\"><\/audio><\/figure>\n\n\n\n<p>Odc. 145<br>Watykan wobec stowarzyszenia PAX<\/p>\n\n\n\n<p>Data emisji: 31.07.2008<br>Czas trwania: 5\u201951\u201d<\/p>\n\n\n\n<figure class=\"wp-block-audio\"><audio controls=\"\" src=\"https:\/\/pbc.uw.edu.pl\/16580\/1\/145.mp3\"><\/audio><\/figure>\n\n\n\n<p>Odc. 146<br>Pieni\u0105dze z Ameryki<\/p>\n\n\n\n<p>Data emisji: 07.08.2008<br>Czas trwania: 5\u201932\u201d<\/p>\n\n\n\n<figure class=\"wp-block-audio\"><audio controls=\"\" src=\"https:\/\/pbc.uw.edu.pl\/16580\/2\/146.mp3\"><\/audio><\/figure>\n\n\n\n<p>Odc. 147<br>U progu 1956 r.<\/p>\n\n\n\n<p>Data emisji: 14.08.2008<br>Czas trwania: 5\u201926\u201d<\/p>\n\n\n\n<figure class=\"wp-block-audio\"><audio controls=\"\" src=\"https:\/\/pbc.uw.edu.pl\/16580\/3\/147.mp3\"><\/audio><\/figure>\n\n\n\n<p>Odc. 148<br>Pius XII do Ko\u015bcio\u0142a w Polsce<\/p>\n\n\n\n<p>Data emisji: 28.08.2008<br>Czas trwania: 5\u201915\u201d<\/p>\n\n\n\n<figure class=\"wp-block-audio\"><audio controls=\"\" src=\"https:\/\/pbc.uw.edu.pl\/16580\/4\/148.mp3\"><\/audio><\/figure>\n\n\n\n<p>Odc. 149<br>Pa\u017adziernikowy prze\u0142om<\/p>\n\n\n\n<p>Data emisji: 04.09.2008<br>Czas trwania: 5\u201919\u201d<\/p>\n\n\n\n<figure class=\"wp-block-audio\"><audio controls=\"\" src=\"https:\/\/pbc.uw.edu.pl\/16580\/5\/149.mp3\"><\/audio><\/figure>\n\n\n\n<p>Odc. 150<br>Pierwsze kroki ks. Prymasa na wolno\u015bci<\/p>\n\n\n\n<p>Data emisji: 18.09.2008<br>Czas trwania: 5\u201940\u201d<\/p>\n\n\n\n<figure class=\"wp-block-audio\"><audio controls=\"\" src=\"https:\/\/pbc.uw.edu.pl\/16580\/6\/150.mp3\"><\/audio><\/figure>\n\n\n\n<p>Odc. 151<br>Rzymski triumf Prymasa Wyszy\u0144skiego<\/p>\n\n\n\n<p>Data emisji: 25.09.2008<br>Czas trwania: 5\u201926\u201d<\/p>\n\n\n\n<figure class=\"wp-block-audio\"><audio controls=\"\" src=\"https:\/\/pbc.uw.edu.pl\/16580\/7\/151.mp3\"><\/audio><\/figure>\n\n\n\n<p>Odc. 152<br>Gorsz\u0105cy brak jedno\u015bci<\/p>\n\n\n\n<p>Data emisji: 09.10.2008<br>Czas trwania: 5\u201957\u201d<\/p>\n\n\n\n<figure class=\"wp-block-audio\"><audio controls=\"\" src=\"https:\/\/pbc.uw.edu.pl\/16580\/8\/152.mp3\"><\/audio><\/figure>\n\n\n\n<p>Odc. 153<br>Na drodze do pojednania polsko-niemieckiego<\/p>\n\n\n\n<p>Data emisji: 23.10.2008<br>Czas trwania: 5\u201900\u201d<\/p>\n\n\n\n<figure class=\"wp-block-audio\"><audio controls=\"\" src=\"https:\/\/pbc.uw.edu.pl\/16580\/9\/153.mp3\"><\/audio><\/figure>\n\n\n\n<p>Odc. 154<br>O pomoc dla Polski<\/p>\n\n\n\n<p>Data emisji: 30.10.2008<br>Czas trwania: 5\u201900\u201d<\/p>\n\n\n\n<figure class=\"wp-block-audio\"><audio controls=\"\" src=\"https:\/\/pbc.uw.edu.pl\/16580\/10\/154.mp3\"><\/audio><\/figure>\n\n\n\n<p>Odc. 155<br>Kanonizacje i beatyfikacje<\/p>\n\n\n\n<p>Data emisji: 06.11.2008<br>Czas trwania: 5\u201921\u201d<\/p>\n\n\n\n<figure class=\"wp-block-audio\"><audio controls=\"\" src=\"https:\/\/pbc.uw.edu.pl\/16580\/11\/155.mp3\"><\/audio><\/figure>\n\n\n\n<p>Odc. 156<br>Kaplica polska<\/p>\n\n\n\n<p>Data emisji: 13.11.2008<br>Czas trwania: 5\u201921\u201d<\/p>\n\n\n\n<figure class=\"wp-block-audio\"><audio controls=\"\" src=\"https:\/\/pbc.uw.edu.pl\/16580\/12\/156.mp3\"><\/audio><\/figure>\n\n\n\n<p>Odc. 157<br>\u015amier\u0107 i pogrzeb Piusa XII<\/p>\n\n\n\n<p>Data emisji: 20.11.2008<br>Czas trwania: 5\u201921\u201d<\/p>\n\n\n\n<figure class=\"wp-block-audio\"><audio controls=\"\" src=\"https:\/\/pbc.uw.edu.pl\/16580\/13\/157.mp3\"><\/audio><\/figure>\n\n\n\n<p>Odc. 158<br>Jan XXIII<\/p>\n\n\n\n<p>Data emisji: 27.11.2008<br>Czas trwania: 5\u201918\u201d<\/p>\n\n\n\n<figure class=\"wp-block-audio\"><audio controls=\"\" src=\"https:\/\/pbc.uw.edu.pl\/16581\/1\/158.mp3\"><\/audio><\/figure>\n\n\n\n<p>\np&gt;Odc. 159<br>Kieruj\u0105cy sprawami polskim<\/p>\n\n\n\n<p>Data emisji: 04.12.08<br>Czas trwania: 4\u201949\u201d<\/p>\n\n\n\n<figure class=\"wp-block-audio\"><audio controls=\"\" src=\"https:\/\/pbc.uw.edu.pl\/16581\/2\/159.mp3\"><\/audio><\/figure>\n\n\n\n<p>Odc. 160<br>W nowym wcieleniu<\/p>\n\n\n\n<p>Data emisji: 11.12.2008<br>Czas trwania: 5\u201907\u201d<\/p>\n\n\n\n<figure class=\"wp-block-audio\"><audio controls=\"\" src=\"https:\/\/pbc.uw.edu.pl\/16581\/3\/160.mp3\"><\/audio><\/figure>\n\n\n\n<p>\np&gt;Odc. 161<br>Nowe wiadomo\u015bci z Polski<\/p>\n\n\n\n<p>Data emisji: 18.12.2008<br>Czas trwania: 6\u201954\u201d<\/p>\n\n\n\n<figure class=\"wp-block-audio\"><audio controls=\"\" src=\"https:\/\/pbc.uw.edu.pl\/16581\/4\/161.mp3\"><\/audio><\/figure>\n\n\n\n<p>\np&gt;Odc. 162<\/p>\n\n\n\n<p>Sob\u00f3r<br>Data emisji: 15.01.2009<br>Czas trwania: 6\u201956\u201d<\/p>\n\n\n\n<figure class=\"wp-block-audio\"><audio controls=\"\" src=\"https:\/\/pbc.uw.edu.pl\/16581\/5\/162.mp3\"><\/audio><\/figure>\n\n\n\n<p>Odc. 163<br>Pawe\u0142 VI <\/p>\n\n\n\n<p>Data emisji: 22.01.2009<br>Czas trwania: 6\u201900\u201d<\/p>\n\n\n\n<figure class=\"wp-block-audio\"><audio controls=\"\" src=\"https:\/\/pbc.uw.edu.pl\/16581\/6\/163.mp3\"><\/audio><\/figure>\n\n\n\n<p>Odc. 164<br>Obrady soborowe <\/p>\n\n\n\n<p>Data emisji: 05.02.2009<br>Czas trwania: 5\u201936\u201d<\/p>\n\n\n\n<figure class=\"wp-block-audio\"><audio controls=\"\" src=\"https:\/\/pbc.uw.edu.pl\/16581\/7\/164.mp3\"><\/audio><\/figure>\n\n\n\n<p>Odc. 165<br>Przygotowania do tysi\u0105clecia Chrztu Polski <\/p>\n\n\n\n<p>Data emisji: 12.02.2009<br>Czas trwania: 6\u201941\u201d<\/p>\n\n\n\n<figure class=\"wp-block-audio\"><audio controls=\"\" src=\"https:\/\/pbc.uw.edu.pl\/16581\/8\/165.mp3\"><\/audio><\/figure>\n\n\n\n<p>Odc. 166<br>Millenium Chrztu Polski w Rzymie <\/p>\n\n\n\n<p>Data emisji: 26.02.2009<br>Czas trwania: 7\u201913\u201d<\/p>\n\n\n\n<figure class=\"wp-block-audio\"><audio controls=\"\" src=\"https:\/\/pbc.uw.edu.pl\/16581\/9\/166.mp3\"><\/audio><\/figure>\n\n\n\n<p>Odc. 167<br>Agostino Casaroli <\/p>\n\n\n\n<p>Data emisji: 05.03.2009<br>Czas trwania: 7\u201939\u201d<\/p>\n\n\n\n<figure class=\"wp-block-audio\"><audio controls=\"\" src=\"https:\/\/pbc.uw.edu.pl\/16581\/10\/167.mp3\"><\/audio><\/figure>\n\n\n\n<p>Odc. 168<br>Cmentarze \u017co\u0142nierzy polskich we W\u0142oszech <\/p>\n\n\n\n<p>Data emisji: 12.03.2009<br>Czas trwania: 5\u201957\u201d<\/p>\n\n\n\n<figure class=\"wp-block-audio\"><audio controls=\"\" src=\"https:\/\/pbc.uw.edu.pl\/16581\/11\/168.mp3\"><\/audio><\/figure>\n\n\n\n<p>Odc. 169<br>Uznanie zachodnich granic Polski <\/p>\n\n\n\n<p>Data emisji: 26.03.2009<br>Czas trwania: 7\u201952\u201d<\/p>\n\n\n\n<figure class=\"wp-block-audio\"><audio controls=\"\" src=\"https:\/\/pbc.uw.edu.pl\/16581\/12\/169.mp3\"><\/audio><\/figure>\n\n\n\n<p>Odc. 170<br>Rozmowy mi\u0119dzy Warszaw\u0105 a Watykanem <\/p>\n\n\n\n<p>Data emisji: 16.04.2009<br>Czas trwania: 5\u201923\u201d<\/p>\n\n\n\n<figure class=\"wp-block-audio\"><audio controls=\"\" src=\"https:\/\/pbc.uw.edu.pl\/16582\/1\/170.mp3\"><\/audio><\/figure>\n\n\n\n<p>Odc. 171<br>Likwidacja <\/p>\n\n\n\n<p>Data emisji: 30.04.2009<br>Czas trwania: 6\u201922\u201d<\/p>\n\n\n\n<figure class=\"wp-block-audio\"><audio controls=\"\" src=\"https:\/\/pbc.uw.edu.pl\/16582\/2\/171.mp3\"><\/audio><\/figure>\n\n\n\n<p>Odc. 172<br>Zmiany na emigracji <\/p>\n\n\n\n<p>Data emisji: 21.05.2009<br>Czas trwania: 5\u201923\u201d<\/p>\n\n\n\n<figure class=\"wp-block-audio\"><audio controls=\"\" src=\"https:\/\/pbc.uw.edu.pl\/16582\/3\/172.mp3\"><\/audio><\/figure>\n\n\n\n<p>Odc. 173<br>Ludzie, miejsca i pieni\u0105dze <\/p>\n\n\n\n<p>Data emisji: 28.05.2009<br>Czas trwania: 6\u201922\u201d<\/p>\n\n\n\n<figure class=\"wp-block-audio\"><audio controls=\"\" src=\"https:\/\/pbc.uw.edu.pl\/16582\/4\/173.mp3\"><\/audio><\/figure>\n\n\n\n<p>Odc. 174<br>Porozumienie <\/p>\n\n\n\n<p>Data emisji: 04.06.2009<br>Czas trwania: 5\u201924\u201d<\/p>\n\n\n\n<figure class=\"wp-block-audio\"><audio controls=\"\" src=\"https:\/\/pbc.uw.edu.pl\/16582\/5\/174.mp3\"><\/audio><\/figure>\n\n\n\n<p>Odc. 175<br>Zmierzch <\/p>\n\n\n\n<p>Data emisji 18.06.2009<br>Czas trwania: 6\u201903\u201d<\/p>\n\n\n\n<figure class=\"wp-block-audio\"><audio controls=\"\" src=\"https:\/\/pbc.uw.edu.pl\/16582\/6\/175.mp3\"><\/audio><\/figure>\n\n\n\n<p>Odc. 176<br>\u015amier\u0107 ambasadora <\/p>\n\n\n\n<p>Data emisji 25.06.2009<br>Czas trwania: 5\u201911\u201d<\/p>\n\n\n\n<figure class=\"wp-block-audio\"><audio controls=\"\" src=\"https:\/\/pbc.uw.edu.pl\/16582\/7\/176.mp3\"><\/audio><\/figure>\n\n\n\n<p>Odc. 177<br>Zesp\u00f3\u0142 <\/p>\n\n\n\n<p>Data emisji 02.07.2009<br>Czas trwania: 6\u201935\u201d<\/p>\n\n\n\n<figure class=\"wp-block-audio\"><audio controls=\"\" src=\"https:\/\/pbc.uw.edu.pl\/16582\/8\/177.mp3\"><\/audio><\/figure>\n\n\n\n<p>Odc. 178<br>Normalizacja <\/p>\n\n\n\n<p>Data emisji 09.07.2009<br>Czas trwania: 5\u201935\u201d<\/p>\n\n\n\n<figure class=\"wp-block-audio\"><audio controls=\"\" src=\"https:\/\/pbc.uw.edu.pl\/16582\/9\/178.mp3\"><\/audio><\/figure>\n\n\n\n<p>Odc. 179<br>Konkordat <\/p>\n\n\n\n<p>Data emisji 16.07.2009<br>Czas trwania: 6\u201908\u201d<\/p>\n\n\n\n<figure class=\"wp-block-audio\"><audio controls=\"\" src=\"https:\/\/pbc.uw.edu.pl\/16582\/10\/179.mp3\"><\/audio><\/figure>\n\n\n\n<p>Odc. 180<br>Przy Via dei Delfini <\/p>\n\n\n\n<p>Data emisji 23.07.2009<br>Czas trwania: 5\u201949\u201d<\/p>\n\n\n\n<figure class=\"wp-block-audio\"><audio controls=\"\" src=\"https:\/\/pbc.uw.edu.pl\/16582\/11\/180.mp3\"><\/audio><\/figure>\n\n\n\n<p>Odc. 181<br>Pod znakiem \u015bw. Franciszka Ksawerego<\/p>\n\n\n\n<p>Data emisji 20.08.2009<br>Czas trwania: 4\u201959\u201d<\/p>\n\n\n\n<figure class=\"wp-block-audio\"><audio controls=\"\" src=\"https:\/\/pbc.uw.edu.pl\/16582\/12\/181.mp3\"><\/audio><\/figure>\n\n\n\n<p>Odc. 182<br>Zamiast zako\u0144czenia<\/p>\n\n\n\n<p>Data emisji 27.08.2009<br>Czas trwania: 5\u201958\u201d<\/p>\n\n\n\n<figure class=\"wp-block-audio\"><audio controls=\"\" src=\"https:\/\/pbc.uw.edu.pl\/16582\/13\/182.mp3\"><\/audio><\/figure>\n","protected":false},"excerpt":{"rendered":"<div class=\"mh-excerpt\"> <a class=\"mh-excerpt-more\" href=\"https:\/\/muzeumpolonii.uw.edu.pl\/?page_id=3496\" title=\"Piotr Samerek\">[&#8230;]<\/a><\/div>\n","protected":false},"author":1,"featured_media":0,"parent":0,"menu_order":0,"comment_status":"closed","ping_status":"closed","template":"","meta":{"footnotes":""},"class_list":["post-3496","page","type-page","status-publish"],"_links":{"self":[{"href":"https:\/\/muzeumpolonii.uw.edu.pl\/index.php?rest_route=\/wp\/v2\/pages\/3496","targetHints":{"allow":["GET"]}}],"collection":[{"href":"https:\/\/muzeumpolonii.uw.edu.pl\/index.php?rest_route=\/wp\/v2\/pages"}],"about":[{"href":"https:\/\/muzeumpolonii.uw.edu.pl\/index.php?rest_route=\/wp\/v2\/types\/page"}],"author":[{"embeddable":true,"href":"https:\/\/muzeumpolonii.uw.edu.pl\/index.php?rest_route=\/wp\/v2\/users\/1"}],"replies":[{"embeddable":true,"href":"https:\/\/muzeumpolonii.uw.edu.pl\/index.php?rest_route=%2Fwp%2Fv2%2Fcomments&post=3496"}],"version-history":[{"count":57,"href":"https:\/\/muzeumpolonii.uw.edu.pl\/index.php?rest_route=\/wp\/v2\/pages\/3496\/revisions"}],"predecessor-version":[{"id":4721,"href":"https:\/\/muzeumpolonii.uw.edu.pl\/index.php?rest_route=\/wp\/v2\/pages\/3496\/revisions\/4721"}],"wp:attachment":[{"href":"https:\/\/muzeumpolonii.uw.edu.pl\/index.php?rest_route=%2Fwp%2Fv2%2Fmedia&parent=3496"}],"curies":[{"name":"wp","href":"https:\/\/api.w.org\/{rel}","templated":true}]}}