{"id":1990,"date":"2020-05-26T21:33:24","date_gmt":"2020-05-26T19:33:24","guid":{"rendered":"https:\/\/muzeumpolonii.uw.edu.pl\/?page_id=1990"},"modified":"2024-02-15T22:40:43","modified_gmt":"2024-02-15T21:40:43","slug":"magdalena-soszynska","status":"publish","type":"page","link":"https:\/\/muzeumpolonii.uw.edu.pl\/?page_id=1990","title":{"rendered":"Magdalena Soszy\u0144ska-Gadomska"},"content":{"rendered":"\n<hr color=\"red\">\n\n\n\n\n<p><strong>Audycje tematyczne:<\/strong><\/p>\n\n\n\n<p><em>Z perspektywy socjologa : pytania czasu przemian<\/em><\/p>\n\n\n\n<p>1<\/p>\n\n\n\n<p>[Zr\u00f3wnowa\u017cony rozw\u00f3j cz. 1]<br> Rok emisji: 1992<br> Czas trwania: 8\u201941\u201d<\/p>\n\n\n\n<figure class=\"wp-block-audio\"><audio controls src=\"https:\/\/pbc.uw.edu.pl\/13802\/1\/Soszy%C5%84ska_Magdalena_Z_perspektywy_socjologa_cz_01.mp3\"><\/audio><\/figure>\n\n\n\n<p>2<\/p>\n\n\n\n<p>[Zr\u00f3wnowa\u017cony rozw\u00f3j cz. 2]<br> Rok emisji: 1992<br> Czas trwania: 10\u201939\u201d<\/p>\n\n\n\n<figure class=\"wp-block-audio\"><audio controls src=\"https:\/\/pbc.uw.edu.pl\/13802\/2\/Soszy%C5%84ska_Magdalena_Z_perspektywy_socjologa_cz_02.mp3\"><\/audio><\/figure>\n\n\n\n<p>3<\/p>\n\n\n\n<p>[Ideologie autorytarne]<br> Rok emisji: 1992<br> Czas trwania: 8\u201944\u201d<\/p>\n\n\n\n<figure class=\"wp-block-audio\"><audio controls src=\"https:\/\/pbc.uw.edu.pl\/13802\/3\/Soszy%C5%84ska_Magdalena_Z_perspektywy_socjologa_cz_03.mp3\"><\/audio><\/figure>\n\n\n\n<p>4<\/p>\n\n\n\n<p>[Nauka a etyka cz. 1]<br> Rok emisji: 1992<br> Czas trwania: 5\u201906\u201d<\/p>\n\n\n\n<figure class=\"wp-block-audio\"><audio controls src=\"https:\/\/pbc.uw.edu.pl\/13802\/4\/Soszy%C5%84ska_Magdalena_Z_perspektywy_socjologa_cz_04.mp3\"><\/audio><\/figure>\n\n\n\n<p>5<\/p>\n\n\n\n<p>[Nauka a etyka cz. 2]<br> Rok emisji: 1992<br> Czas trwania: 5\u201944\u201d<\/p>\n\n\n\n<figure class=\"wp-block-audio\"><audio controls src=\"https:\/\/pbc.uw.edu.pl\/13802\/5\/Soszy%C5%84ska_Magdalena_Z_perspektywy_socjologa_cz_05.mp3\"><\/audio><\/figure>\n\n\n\n<p>6<\/p>\n\n\n\n<p>[Nauka a etyka cz. 3]<br> Rok emisji: 1992<br> Czas trwania: 9\u201906\u201d<\/p>\n\n\n\n<figure class=\"wp-block-audio\"><audio controls src=\"https:\/\/pbc.uw.edu.pl\/13802\/6\/Soszy%C5%84ska_Magdalena_Z_perspektywy_socjologa_cz_06.mp3\"><\/audio><\/figure>\n\n\n\n<p>7<\/p>\n\n\n\n<p>[Wychowanie w duchu ekologii]<br> Rok emisji: 1992<br> Czas trwania: 7\u201927\u201d<\/p>\n\n\n\n<figure class=\"wp-block-audio\"><audio controls src=\"https:\/\/pbc.uw.edu.pl\/13802\/7\/Soszy%C5%84ska_Magdalena_Z_perspektywy_socjologa_cz_07.mp3\"><\/audio><\/figure>\n\n\n\n<p>8<\/p>\n\n\n\n<p>[Ochrona Ziemi]<br> Rok emisji: 1992<br> Czas trwania: 8\u201938\u201d<\/p>\n\n\n\n<figure class=\"wp-block-audio\"><audio controls src=\"https:\/\/pbc.uw.edu.pl\/13802\/8\/Soszy%C5%84ska_Magdalena_Z_perspektywy_socjologa_cz_08.mp3\"><\/audio><\/figure>\n\n\n\n<p>9<\/p>\n\n\n\n<p>[Cz\u0142owiek a natura cz. 1]<br> Rok emisji: 1992<br> Czas trwania: 6\u201904\u201d<\/p>\n\n\n\n<figure class=\"wp-block-audio\"><audio controls src=\"https:\/\/pbc.uw.edu.pl\/13802\/9\/Soszy%C5%84ska_Magdalena_Z_perspektywy_socjologa_cz_09.mp3\"><\/audio><\/figure>\n\n\n\n<p>10<\/p>\n\n\n\n<p>[Cz\u0142owiek a natura cz. 2]<br> Rok emisji: 1992<br> Czas trwania: 6\u201914\u201d<\/p>\n\n\n\n<figure class=\"wp-block-audio\"><audio controls src=\"https:\/\/pbc.uw.edu.pl\/13802\/10\/Soszy%C5%84ska_Magdalena_Z_perspektywy_socjologa_cz_10.mp3\"><\/audio><\/figure>\n\n\n\n<p>11<\/p>\n\n\n\n<p>[Konflikty spo\u0142eczne cz. 1]<br> Rok emisji: 1993<br> Czas trwania: 5\u201925\u201d<\/p>\n\n\n\n<figure class=\"wp-block-audio\"><audio controls src=\"https:\/\/pbc.uw.edu.pl\/13802\/11\/Soszy%C5%84ska_Magdalena_Z_perspektywy_socjologa_cz_11.mp3\"><\/audio><\/figure>\n\n\n\n<p>12<\/p>\n\n\n\n<p>[Konflikty spo\u0142eczne cz. 2]<br> Rok emisji: 1993<br> Czas trwania: 4\u201947\u201d<\/p>\n\n\n\n<figure class=\"wp-block-audio\"><audio controls src=\"https:\/\/pbc.uw.edu.pl\/13803\/1\/Soszy%C5%84ska-Gadomska_Magdalena_Z_perspektywy_socjologa_cz_12.mp3\"><\/audio><\/figure>\n\n\n\n<p>13<\/p>\n\n\n\n<p>[Normy moralne cz. 1]<br> Rok emisji: 1993<br> Czas trwania: 7\u201940\u201d<\/p>\n\n\n\n<figure class=\"wp-block-audio\"><audio controls src=\"https:\/\/pbc.uw.edu.pl\/13803\/2\/Soszy%C5%84ska-Gadomska_Magdalena_Z_perspektywy_socjologa_cz_13.mp3\"><\/audio><\/figure>\n\n\n\n<p>14<\/p>\n\n\n\n<p>[ Normy moralne cz. 2]<br> Rok emisji: 1993<br> Czas trwania: 6\u201909\u201d<\/p>\n\n\n\n<figure class=\"wp-block-audio\"><audio controls src=\"https:\/\/pbc.uw.edu.pl\/13803\/3\/Soszy%C5%84ska-Gadomska_Magdalena_Z_perspektywy_socjologa_cz_14.mp3\"><\/audio><\/figure>\n\n\n\n<p>15<\/p>\n\n\n\n<p>[Konflikty spo\u0142eczne cz. 3]<br> Rok emisji: 1993<br> Czas trwania: 7\u201906\u201d<\/p>\n\n\n\n<figure class=\"wp-block-audio\"><audio controls src=\"https:\/\/pbc.uw.edu.pl\/13803\/4\/Soszy%C5%84ska-Gadomska_Magdalena_Z_perspektywy_socjologa_cz_15.mp3\"><\/audio><\/figure>\n\n\n\n<p>16<\/p>\n\n\n\n<p>[Konflikty spo\u0142eczne cz. 4]<br> Rok emisji: 1993<br> Czas trwania: 7\u201949\u201d<\/p>\n\n\n\n<figure class=\"wp-block-audio\"><audio controls src=\"https:\/\/pbc.uw.edu.pl\/13803\/5\/Soszy%C5%84ska-Gadomska_Magdalena_Z_perspektywy_socjologa_cz_16.mp3\"><\/audio><\/figure>\n\n\n\n<p>17<\/p>\n\n\n\n<p>[ S\u0105dy etyczne  cz. 1]<br> Rok emisji: 1993<br> Czas trwania: 7\u201942\u201d<\/p>\n\n\n\n<figure class=\"wp-block-audio\"><audio controls src=\"https:\/\/pbc.uw.edu.pl\/13803\/6\/Soszy%C5%84ska-Gadomska_Magdalena_Z_perspektywy_socjologa_cz_17.mp3\"><\/audio><\/figure>\n\n\n\n<p>18<\/p>\n\n\n\n<p>[S\u0105dy etyczne cz. 2]<br> Rok emisji: 1993<br> Czas trwania: 6\u201909\u201d<\/p>\n\n\n\n<figure class=\"wp-block-audio\"><audio controls src=\"https:\/\/pbc.uw.edu.pl\/13803\/7\/Soszy%C5%84ska-Gadomska_Magdalena_Z_perspektywy_socjologa_cz_18.mp3\"><\/audio><\/figure>\n\n\n\n<p>19<\/p>\n\n\n\n<p>[S\u0105dy etyczne cz. 3]<br> Rok emisji: 1993<br> Czas trwania: 5\u201952\u201d<\/p>\n\n\n\n<figure class=\"wp-block-audio\"><audio controls src=\"https:\/\/pbc.uw.edu.pl\/13803\/8\/Soszy%C5%84ska-Gadomska_Magdalena_Z_perspektywy_socjologa_cz_19.mp3\"><\/audio><\/figure>\n\n\n\n<p>20<\/p>\n\n\n\n<p>[ Konformizm cz. 1]<br> Rok emisji: 1993<br> Czas trwania: 7\u201903\u201d<\/p>\n\n\n\n<figure class=\"wp-block-audio\"><audio controls src=\"https:\/\/pbc.uw.edu.pl\/13803\/9\/Soszy%C5%84ska-Gadomska_Magdalena_Z_perspektywy_socjologa_cz_20.mp3\"><\/audio><\/figure>\n\n\n\n<p>21<\/p>\n\n\n\n<p>[Konformizm cz. 2]<br> Rok emisji: 1993<br> Czas trwania: 7\u201912\u201d<\/p>\n\n\n\n<figure class=\"wp-block-audio\"><audio controls src=\"https:\/\/pbc.uw.edu.pl\/13803\/10\/Soszy%C5%84ska-Gadomska_Magdalena_Z_perspektywy_socjologa_cz_21.mp3\"><\/audio><\/figure>\n\n\n\n<p>22<\/p>\n\n\n\n<p>[Konformizm cz. 3]<br> Rok emisji: 1993<br> Czas trwania: 7\u201912\u201d<\/p>\n\n\n\n<figure class=\"wp-block-audio\"><audio controls src=\"https:\/\/pbc.uw.edu.pl\/13803\/11\/Soszy%C5%84ska-Gadomska_Magdalena_Z_perspektywy_socjologa_cz_22.mp3\"><\/audio><\/figure>\n\n\n\n<p>23<\/p>\n\n\n\n<p>[ Informacje medialne ]<br> Rok emisji: 1993<br> Czas trwania: 6\u201922\u201d<\/p>\n\n\n\n<figure class=\"wp-block-audio\"><audio controls src=\"https:\/\/pbc.uw.edu.pl\/13803\/12\/Soszy%C5%84ska-Gadomska_Magdalena_Z_perspektywy_socjologa_cz_23.mp3\"><\/audio><\/figure>\n\n\n\n<p>24<\/p>\n\n\n\n<p>[Niepewno\u015b\u0107]<br> Rok emisji: 1993<br> Czas trwania: 5\u201934\u201d<\/p>\n\n\n\n<figure class=\"wp-block-audio\"><audio controls src=\"https:\/\/pbc.uw.edu.pl\/13804\/1\/Soszy%C5%84ska-Gadomska_Magdalena_Z_perspektywy_socjologa_cz_24.mp3\"><\/audio><\/figure>\n\n\n\n<p>25<\/p>\n\n\n\n<p>[ Demokracja ]<br> Rok emisji: 1993<br> Czas trwania: 7\u201939\u201d<\/p>\n\n\n\n<figure class=\"wp-block-audio\"><audio controls src=\"https:\/\/pbc.uw.edu.pl\/13804\/2\/Soszy%C5%84ska-Gadomska_Magdalena_Z_perspektywy_socjologa_cz_25.mp3\"><\/audio><\/figure>\n\n\n\n<p>26<\/p>\n\n\n\n<p>[ Techniki przekonywania cz. 1 ]<br> Rok emisji: 1993<br> Czas trwania: 6\u201908\u201d<\/p>\n\n\n\n<figure class=\"wp-block-audio\"><audio controls src=\"https:\/\/pbc.uw.edu.pl\/13804\/3\/Soszy%C5%84ska-Gadomska_Magdalena_Z_perspektywy_socjologa_cz_26.mp3\"><\/audio><\/figure>\n\n\n\n<p>27<\/p>\n\n\n\n<p>[Techniki przekonywania cz. 2]<br> Rok emisji: 1993<br> Czas trwania: 5\u201944\u201d<\/p>\n\n\n\n<figure class=\"wp-block-audio\"><audio controls src=\"https:\/\/pbc.uw.edu.pl\/13804\/4\/Soszy%C5%84ska-Gadomska_Magdalena_Z_perspektywy_socjologa_cz_27.mp3\"><\/audio><\/figure>\n\n\n\n<p>28<\/p>\n\n\n\n<p>[ Metaetyka ]<br> Rok emisji: 1993<br> Czas trwania: 9\u201900\u201d<\/p>\n\n\n\n<figure class=\"wp-block-audio\"><audio controls src=\"https:\/\/pbc.uw.edu.pl\/13804\/5\/Soszy%C5%84ska-Gadomska_Magdalena_Z_perspektywy_socjologa_cz_28.mp3\"><\/audio><\/figure>\n\n\n\n<p>29<\/p>\n\n\n\n<p>[ Struktura i stratyfikacja spo\u0142eczna cz. 1 ]<br> Rok emisji: 1993<br> Czas trwania: 5\u201954\u201d<\/p>\n\n\n\n<figure class=\"wp-block-audio\"><audio controls src=\"https:\/\/pbc.uw.edu.pl\/13804\/6\/Soszy%C5%84ska-Gadomska_Magdalena_Z_perspektywy_socjologa_cz_29.mp3\"><\/audio><\/figure>\n\n\n\n<p>30<\/p>\n\n\n\n<p>[Struktura i stratyfikacja spo\u0142eczna cz. 2]<br> Rok emisji: 1993<br> Czas trwania: 6\u201950\u201d<\/p>\n\n\n\n<figure class=\"wp-block-audio\"><audio controls src=\"https:\/\/pbc.uw.edu.pl\/13804\/7\/Soszy%C5%84ska-Gadomska_Magdalena_Z_perspektywy_socjologa_cz_30.mp3\"><\/audio><\/figure>\n\n\n\n<p>31<\/p>\n\n\n\n<p>[Nier\u00f3wno\u015bci spo\u0142eczne cz. 1]<br> Rok emisji: 1993<br> Czas trwania: 6\u201924\u201d<\/p>\n\n\n\n<figure class=\"wp-block-audio\"><audio controls src=\"https:\/\/pbc.uw.edu.pl\/13804\/8\/Soszy%C5%84ska-Gadomska_Magdalena_Z_perspektywy_socjologa_cz_31.mp3\"><\/audio><\/figure>\n\n\n\n<p>32<\/p>\n\n\n\n<p>[ Nier\u00f3wno\u015bci spo\u0142eczne cz. 2]<br> Rok emisji: 1993<br> Czas trwania: 8\u201912\u201d<\/p>\n\n\n\n<figure class=\"wp-block-audio\"><audio controls src=\"https:\/\/pbc.uw.edu.pl\/13804\/9\/Soszy%C5%84ska-Gadomska_Magdalena_Z_perspektywy_socjologa_cz_32.mp3\"><\/audio><\/figure>\n\n\n\n<p>33<\/p>\n\n\n\n<p>[Mniejszo\u015b\u0107 spo\u0142eczne cz. 1]<br> Rok emisji: 1993<br> Czas trwania: 5\u201919\u201d<\/p>\n\n\n\n<figure class=\"wp-block-audio\"><audio controls src=\"https:\/\/pbc.uw.edu.pl\/13804\/10\/Soszy%C5%84ska-Gadomska_Magdalena_Z_perspektywy_socjologa_cz_33.mp3\"><\/audio><\/figure>\n\n\n\n<p>34<\/p>\n\n\n\n<p>[ Mniejszo\u015b\u0107 spo\u0142eczne cz. 2]<br> Rok emisji: 1993<br> Czas trwania: 5\u201953\u201d<\/p>\n\n\n\n<figure class=\"wp-block-audio\"><audio controls src=\"https:\/\/pbc.uw.edu.pl\/13804\/11\/Soszy%C5%84ska-Gadomska_Magdalena_Z_perspektywy_socjologa_cz_34.mp3\"><\/audio><\/figure>\n\n\n\n<p>35<\/p>\n\n\n\n<p>[ Spo\u0142ecze\u0144stwo pluralistyczne cz. 1 ]<br> Rok emisji: 1993<br> Czas trwania: 4\u201918\u201d<\/p>\n\n\n\n<figure class=\"wp-block-audio\"><audio controls src=\"https:\/\/pbc.uw.edu.pl\/13805\/1\/Soszy%C5%84ska-Gadomska_Magdalena_Z_perspektywy_socjologa_cz_35.mp3\"><\/audio><\/figure>\n\n\n\n<p>36<\/p>\n\n\n\n<p>[Spo\u0142ecze\u0144stwo pluralistyczne cz. 2]<br> Rok emisji: 1993<br> Czas trwania: 7\u201953\u201d<\/p>\n\n\n\n<figure class=\"wp-block-audio\"><audio controls src=\"https:\/\/pbc.uw.edu.pl\/13805\/2\/Soszy%C5%84ska-Gadomska_Magdalena_Z_perspektywy_socjologa_cz_36.mp3\"><\/audio><\/figure>\n\n\n\n<p>37<\/p>\n\n\n\n<p>[Karta Ziemi ]<br> Rok emisji: 1993<br> Czas trwania: 6\u201906\u201d<\/p>\n\n\n\n<figure class=\"wp-block-audio\"><audio controls src=\"https:\/\/pbc.uw.edu.pl\/13805\/3\/Soszy%C5%84ska-Gadomska_Magdalena_Z_perspektywy_socjologa_cz_37.mp3\"><\/audio><\/figure>\n\n\n\n<p>38<\/p>\n\n\n\n<p>[ Ruchy spo\u0142eczne cz. 1 ]<br> Rok emisji: 1993<br> Czas trwania: 4\u201932\u201d<\/p>\n\n\n\n<figure class=\"wp-block-audio\"><audio controls src=\"https:\/\/pbc.uw.edu.pl\/13805\/4\/Soszy%C5%84ska-Gadomska_Magdalena_Z_perspektywy_socjologa_cz_38.mp3\"><\/audio><\/figure>\n\n\n\n<p>39<\/p>\n\n\n\n<p>[Ruchy spo\u0142eczne cz. 2]<br> Rok emisji: 1993<br> Czas trwania: 5\u201924\u201d<\/p>\n\n\n\n<figure class=\"wp-block-audio\"><audio controls src=\"https:\/\/pbc.uw.edu.pl\/13805\/5\/Soszy%C5%84ska-Gadomska_Magdalena_Z_perspektywy_socjologa_cz_39.mp3\"><\/audio><\/figure>\n\n\n\n<p>40<\/p>\n\n\n\n<p>[Ruchy spo\u0142eczne cz. 3]<br> Rok emisji: 1993<br> Czas trwania: 5\u201902\u201d<\/p>\n\n\n\n<figure class=\"wp-block-audio\"><audio controls src=\"https:\/\/pbc.uw.edu.pl\/13805\/6\/Soszy%C5%84ska-Gadomska_Magdalena_Z_perspektywy_socjologa_cz_40.mp3\"><\/audio><\/figure>\n\n\n\n<p>41<\/p>\n\n\n\n<p>[ Normalno\u015b\u0107 spo\u0142eczna a dewiacje cz. 1 ]<br> Rok emisji: 1993<br> Czas trwania: 3\u201925\u201d<\/p>\n\n\n\n<figure class=\"wp-block-audio\"><audio controls src=\"https:\/\/pbc.uw.edu.pl\/13805\/7\/Soszy%C5%84ska-Gadomska_Magdalena_Z_perspektywy_socjologa_cz_41.mp3\"><\/audio><\/figure>\n\n\n\n<p>42<\/p>\n\n\n\n<p>[Normalno\u015b\u0107 spo\u0142eczna a dewiacje cz. 2]<br> Rok emisji: 1993<br> Czas trwania: 2\u201955\u201d<\/p>\n\n\n\n<figure class=\"wp-block-audio\"><audio controls src=\"https:\/\/pbc.uw.edu.pl\/13805\/8\/Soszy%C5%84ska-Gadomska_Magdalena_Z_perspektywy_socjologa_cz_42.mp3\"><\/audio><\/figure>\n\n\n\n<p>43<\/p>\n\n\n\n<p>[Normalno\u015b\u0107 spo\u0142eczna a dewiacje cz. 3]<br> Rok emisji: 1994<br> Czas trwania: 5\u201922\u201d<\/p>\n\n\n\n<figure class=\"wp-block-audio\"><audio controls src=\"https:\/\/pbc.uw.edu.pl\/13805\/9\/Soszy%C5%84ska-Gadomska_Magdalena_Z_perspektywy_socjologa_cz_43.mp3\"><\/audio><\/figure>\n","protected":false},"excerpt":{"rendered":"<div class=\"mh-excerpt\"> <a class=\"mh-excerpt-more\" href=\"https:\/\/muzeumpolonii.uw.edu.pl\/?page_id=1990\" title=\"Magdalena Soszy\u0144ska-Gadomska\">[&#8230;]<\/a><\/div>\n","protected":false},"author":1,"featured_media":0,"parent":0,"menu_order":0,"comment_status":"closed","ping_status":"closed","template":"","meta":{"footnotes":""},"class_list":["post-1990","page","type-page","status-publish"],"_links":{"self":[{"href":"https:\/\/muzeumpolonii.uw.edu.pl\/index.php?rest_route=\/wp\/v2\/pages\/1990","targetHints":{"allow":["GET"]}}],"collection":[{"href":"https:\/\/muzeumpolonii.uw.edu.pl\/index.php?rest_route=\/wp\/v2\/pages"}],"about":[{"href":"https:\/\/muzeumpolonii.uw.edu.pl\/index.php?rest_route=\/wp\/v2\/types\/page"}],"author":[{"embeddable":true,"href":"https:\/\/muzeumpolonii.uw.edu.pl\/index.php?rest_route=\/wp\/v2\/users\/1"}],"replies":[{"embeddable":true,"href":"https:\/\/muzeumpolonii.uw.edu.pl\/index.php?rest_route=%2Fwp%2Fv2%2Fcomments&post=1990"}],"version-history":[{"count":23,"href":"https:\/\/muzeumpolonii.uw.edu.pl\/index.php?rest_route=\/wp\/v2\/pages\/1990\/revisions"}],"predecessor-version":[{"id":4718,"href":"https:\/\/muzeumpolonii.uw.edu.pl\/index.php?rest_route=\/wp\/v2\/pages\/1990\/revisions\/4718"}],"wp:attachment":[{"href":"https:\/\/muzeumpolonii.uw.edu.pl\/index.php?rest_route=%2Fwp%2Fv2%2Fmedia&parent=1990"}],"curies":[{"name":"wp","href":"https:\/\/api.w.org\/{rel}","templated":true}]}}