{"id":1417,"date":"2020-03-29T19:19:13","date_gmt":"2020-03-29T17:19:13","guid":{"rendered":"https:\/\/muzeumpolonii.uw.edu.pl\/?page_id=1417"},"modified":"2025-03-26T18:44:40","modified_gmt":"2025-03-26T17:44:40","slug":"niemcy","status":"publish","type":"page","link":"https:\/\/muzeumpolonii.uw.edu.pl\/?page_id=1417","title":{"rendered":"Niemcy"},"content":{"rendered":"\n<p><hr color=\"red\">\n<p style=\"text-align:justify;text-indent:20pt;\">W Niemczech mieszka ponad milion Polak\u00f3w. Najwi\u0119cej w Zag\u0142\u0119biu Ruhry, a tak\u017ce wielkich miastach: w Berlinie i Hamburgu. W miastach tych s\u0105 wi\u0119ksze skupiska Polak\u00f3w, w Berlinie &#8211; w Tempelhof; w Hamburgu &#8211; w Billstedt\/M\u00fcmmelmannsberg i Neu-Allerm\u00f6he. Specyfika Polonii niemieckiej w du\u017cej mierze wynika z wielokrotnych zmian granic Polski i Niemiec, najpierw w wyniku rozbior\u00f3w, a nast\u0119pnie I i II wojny \u015bwiatowej. Cz\u0119sta zmiana granic powodowa\u0142a wci\u0105\u017c przesuwaj\u0105cy si\u0119 obszar pogranicza. Polak\u00f3w i Niemc\u00f3w \u0142\u0105czy podobny styl \u017cycia i podobne zr\u00f3\u017cnicowanie religijne, cho\u0107 z przewag\u0105 katolik\u00f3w po stronie polskiej. Polacy w Niemczech s\u0105 poddani planowej polityce asymilacyjnej rz\u0105du, co r\u00f3\u017cni procesy asymilacyjne ludno\u015bci pochodzenia polskiego od naturalnej asymilacji w krajach anglosaskich. Pomimo zamieszkiwania potomk\u00f3w autochtonicznych grup ludno\u015bci polskiej, nie posiada ona statusu mniejszo\u015bci narodowej, kt\u00f3r\u0105 utraci\u0142a decyzj\u0105 rz\u0105du hitlerowskich Niemiec 7 wrze\u015bnia 1939.<\/p><\/p>\n\n\n\n<p><p style=\"text-align:justify;text-indent:20pt;\">Masowy nap\u0142yw imigrant\u00f3w z teren\u00f3w polskich mia\u0142 miejsce w drugiej po\u0142owie XIX w. W latach 1870\u20131914 do Niemiec wyemigrowa\u0142o czasowo lub na sta\u0142e kilka milion\u00f3w Polak\u00f3w. W okresie mi\u0119dzywojennym mniejszo\u015b\u0107 polska organizowa\u0142a si\u0119 wok\u00f3\u0142 Zwi\u0105zku Polak\u00f3w w Niemczech. Dzia\u0142a\u0142y stowarzyszenia ko\u015bcielne, towarzyskie i gimnastyczne (Sok\u00f3\u0142).  Pras\u0119 polsk\u0105 reprezentowa\u0142o kilkana\u015bcie czasopism, z kt\u00f3rych najpopularniejszy by\u0142 wychodz\u0105cy w Bytomiu &#8222;Katolik&#8221;. Po II wojnie \u015bwiatowej by\u0142a du\u017ca fal\u0105 emigracyjna &#8222;solidarno\u015bciowa&#8221;, a nast\u0119pnie fala emigracji zarobkowej &#8211; ju\u017c po przyst\u0105pieniu Polski do Unii Europejskiej. Polityka asymilacyjna rz\u0105du niemieckiego powoduje, \u017ce Polonia w Niemczech jest ma\u0142o widoczna. Blisko\u015b\u0107 terytorialna u\u0142atwia emigracj\u0119 zarobkow\u0105, ale tak\u017ce &#8211; kontakty z Krajem. Cz\u0119sto ma ona charakter sezonowy lub czasowy, a osoby bior\u0105ce w niej udzia\u0142 nie s\u0105 zainteresowane \u017cyciem Polonii.<\/p><\/p>\n\n\n\n<h4 class=\"wp-block-heading\">Niemcy &#8211; Portale Polonijne<\/h4>\n\n\n\n<ul class=\"wp-block-list\">\n<li><a href=\"https:\/\/poloniaviva.eu\/index.php\/pl\/biuro-polonii\" target=\"_blank\" rel=\"noreferrer noopener\" aria-label=\"Biuro Polonii w Berlinie\">Biuro Polonii w Berlinie<\/a><\/li>\n\n\n\n<li><a rel=\"noreferrer noopener\" aria-label=\"POLONIA-POLACY.DE (otwiera si\u0119 na nowej zak\u0142adce)\" href=\"https:\/\/www.polonia-polacy.de\/\" target=\"_blank\">Polonia-Polacy<\/a><\/li>\n\n\n\n<li><a href=\"http:\/\/polskiobserwator.de\/\" target=\"_blank\" rel=\"noreferrer noopener\" aria-label=\"POLSKIOBSERWATOR.DE (otwiera si\u0119 na nowej zak\u0142adce)\">Polski Obserwator<\/a><\/li>\n\n\n\n<li><a href=\"http:\/\/www.zpwn.org\/\" target=\"_blank\" rel=\"noreferrer noopener\" aria-label=\" (otwiera si\u0119 na nowej zak\u0142adce)\">Zwi\u0105zek Polak\u00f3w w Niemczech<\/a><\/li>\n<\/ul>\n\n\n\n<h4 class=\"wp-block-heading\">Niemcy &#8211; Wydawnictwa Polonijne<\/h4>\n\n\n\n<figure class=\"wp-block-image size-large\"><a href=\"http:\/\/www.pbc.uw.edu.pl\/13547\/1\/Lakomy_Polska_Ksiazka_1945-1950.pdf\" target=\"_blank\" rel=\"noreferrer noopener\"><img loading=\"lazy\" decoding=\"async\" width=\"290\" height=\"409\" src=\"https:\/\/muzeumpolonii.uw.edu.pl\/wp-content\/uploads\/2020\/07\/Lakomy_Polska_Ksiazka.jpg\" alt=\"\" class=\"wp-image-2213\" srcset=\"https:\/\/muzeumpolonii.uw.edu.pl\/wp-content\/uploads\/2020\/07\/Lakomy_Polska_Ksiazka.jpg 290w, https:\/\/muzeumpolonii.uw.edu.pl\/wp-content\/uploads\/2020\/07\/Lakomy_Polska_Ksiazka-213x300.jpg 213w\" sizes=\"auto, (max-width: 290px) 100vw, 290px\" \/><\/a><\/figure>\n\n\n\n<figure class=\"wp-block-image size-large\"><a href=\"http:\/\/www.pbc.uw.edu.pl\/view\/divisions\/Moje=5FMiasto=5F2023.html\" target=\"_blank\" rel=\"noreferrer noopener\"><img decoding=\"async\" src=\"https:\/\/muzeumpolonii.uw.edu.pl\/wp-content\/uploads\/MojeMiasto.jpg\" alt=\"\"><\/a><\/figure>\n\n<figure class=\"wp-block-image size-large\"><a href=\"http:\/\/www.pbc.uw.edu.pl\/view\/divisions\/TwojeMiasto=5F2022.html\" target=\"_blank\" rel=\"noreferrer noopener\"><img decoding=\"async\" src=\"https:\/\/muzeumpolonii.uw.edu.pl\/wp-content\/uploads\/TwojeMiasto.jpg\" alt=\"\"><\/a><\/figure>\n","protected":false},"excerpt":{"rendered":"<div class=\"mh-excerpt\"> <a class=\"mh-excerpt-more\" href=\"https:\/\/muzeumpolonii.uw.edu.pl\/?page_id=1417\" title=\"Niemcy\">[&#8230;]<\/a><\/div>\n","protected":false},"author":1,"featured_media":0,"parent":0,"menu_order":0,"comment_status":"closed","ping_status":"closed","template":"","meta":{"footnotes":""},"class_list":["post-1417","page","type-page","status-publish"],"_links":{"self":[{"href":"https:\/\/muzeumpolonii.uw.edu.pl\/index.php?rest_route=\/wp\/v2\/pages\/1417","targetHints":{"allow":["GET"]}}],"collection":[{"href":"https:\/\/muzeumpolonii.uw.edu.pl\/index.php?rest_route=\/wp\/v2\/pages"}],"about":[{"href":"https:\/\/muzeumpolonii.uw.edu.pl\/index.php?rest_route=\/wp\/v2\/types\/page"}],"author":[{"embeddable":true,"href":"https:\/\/muzeumpolonii.uw.edu.pl\/index.php?rest_route=\/wp\/v2\/users\/1"}],"replies":[{"embeddable":true,"href":"https:\/\/muzeumpolonii.uw.edu.pl\/index.php?rest_route=%2Fwp%2Fv2%2Fcomments&post=1417"}],"version-history":[{"count":12,"href":"https:\/\/muzeumpolonii.uw.edu.pl\/index.php?rest_route=\/wp\/v2\/pages\/1417\/revisions"}],"predecessor-version":[{"id":5619,"href":"https:\/\/muzeumpolonii.uw.edu.pl\/index.php?rest_route=\/wp\/v2\/pages\/1417\/revisions\/5619"}],"wp:attachment":[{"href":"https:\/\/muzeumpolonii.uw.edu.pl\/index.php?rest_route=%2Fwp%2Fv2%2Fmedia&parent=1417"}],"curies":[{"name":"wp","href":"https:\/\/api.w.org\/{rel}","templated":true}]}}