{"id":1142,"date":"2020-03-14T14:43:35","date_gmt":"2020-03-14T13:43:35","guid":{"rendered":"https:\/\/muzeumpolonii.uw.edu.pl\/?page_id=1142"},"modified":"2025-03-27T05:30:09","modified_gmt":"2025-03-27T04:30:09","slug":"polonijna-biblioteka-cyfrowa","status":"publish","type":"page","link":"https:\/\/muzeumpolonii.uw.edu.pl\/?page_id=1142","title":{"rendered":"Polonijna Biblioteka Cyfrowa"},"content":{"rendered":"\n<hr color=\"red\">\n\n\n\n<figure class=\"wp-block-image size-large\"><a href=\"https:\/\/www.gov.pl\/web\/dyplomacja\" target=\"_blank\" rel=\"noreferrer noopener\"><img loading=\"lazy\" decoding=\"async\" width=\"1024\" height=\"283\" src=\"https:\/\/muzeumpolonii.uw.edu.pl\/wp-content\/uploads\/Polonia-1-1024x283.jpg\" alt=\"\" class=\"wp-image-4937\" srcset=\"https:\/\/muzeumpolonii.uw.edu.pl\/wp-content\/uploads\/Polonia-1-1024x283.jpg 1024w, https:\/\/muzeumpolonii.uw.edu.pl\/wp-content\/uploads\/Polonia-1-300x83.jpg 300w, https:\/\/muzeumpolonii.uw.edu.pl\/wp-content\/uploads\/Polonia-1-768x212.jpg 768w, https:\/\/muzeumpolonii.uw.edu.pl\/wp-content\/uploads\/Polonia-1.jpg 1500w\" sizes=\"auto, (max-width: 1024px) 100vw, 1024px\" \/><\/a><\/figure>\n\n\n\n<h3 style=\"color:red;text-align:center;\">Zapraszamy do Polonijnej Biblioteki Cyfrowej<\/h3><\/p>\n\n\n\n<p>Mamy wspania\u0142\u0105 wiadomo\u015b\u0107! Na stronach <a href=\"https:\/\/pbc.uw.edu.pl\/\">pbc.uw.edu.pl <\/a>znajduj\u0105 si\u0119 tytu\u0142y pism polonijnych, kt\u00f3re powstaj\u0105 w ramach Konkursu <a href=\"https:\/\/pbc.uw.edu.pl\/polonia.html\">\u201ePolonia i Polacy za granic\u0105 2024 \u2013 Media i Struktury\u201d<\/a>. Jest to mo\u017cliwe dzi\u0119ki projektowi finansowanemu przez Ministerstwo Spraw Zagranicznych Rzeczpospolitej Polskiej w Konkursie \u201ePolonia i Polacy za Granic\u0105 2024 \u2013 Media i Struktury\u201d pt. Polonijna Biblioteka Cyfrowa. Zadanie publiczne pt. \u201ePolonijna Biblioteka Cyfrowa&#8221; polega w\u0142a\u015bnie na umieszczeniu pism polonijnych w Polonijnej Bibliotece Cyfrowej w 2024 roku. Tytu\u0142y pism polonijnych, kt\u00f3re powstan\u0105 w ramach Konkursu \u201ePolonia i Polacy za granic\u0105 2024 \u2013 Media i Struktury&#8221; zostan\u0105 umieszczone na serwerach z odpowiednimi odno\u015bnikami na stronie PBC. Ka\u017cdy zbi\u00f3r b\u0119dzie oznaczony pod wzgl\u0119dem tytu\u0142u i miejsca wydania.<\/p>\n\n\n\n<p>Polonijna Biblioteka Cyfrowa (PBC) powsta\u0142a w 2012 r. w ramach projektu \u201eWsp\u00f3\u0142praca z Poloni\u0105 i Polakami za granic\u0105\u201d og\u0142oszonego przez Ministerstwo Spraw Zagranicznych. Na przestrzeni ostatnich lat Biblioteka by\u0142a i jest finansowana z kilku \u017ar\u00f3de\u0142, a przede wszystkim z projekt\u00f3w pozyskiwanych z: Senatu RP, Ministerstwa Kultury i Dziedzictwa Narodowego, a  tak\u017ce z  Ministerstwa Nauki i  Szkolnictwa Wy\u017cszego jako tzw. Specjalistyczne Urz\u0105dzenie Badawcze.<\/p>\n\n\n\n<p>Kustoszem i za\u0142o\u017cycielem Biblioteki jest prof. Dariusz Ku\u017amina z Wydzia\u0142u Dziennikarstwa, Informacji i Bibliologii UW, a administratorem dr Zdzis\u0142aw Dobrowolski. Zesp\u00f3\u0142 PBC w ka\u017cdym roku jest tworzony ze wzgl\u0119du na kierunki badawcze, kt\u00f3re zyska\u0142y pozytywn\u0105 ocen\u0119 w konkursach finansuj\u0105cych zachowanie i upowszechnianie polskiego dziedzictwa poza granicami kraju.<\/p>\n\n\n\n<p>Biblioteka sta\u0142a si\u0119 ju\u017c uznan\u0105 i  wiod\u0105c\u0105 p\u0142aszczyzn\u0105 wymiany informacji i  dogodn\u0105 platform\u0105 do dalszych bada\u0144, do promowania i popularyzowania dzia\u0142alno\u015bci Polonii, a tak\u017ce jej wsp\u00f3lnym, niezwykle nowatorskim i jednocz\u0105cym atrybutem to\u017csamo\u015bciowym.<\/p>\n\n\n\n<h2 class=\"wp-block-heading\">CEL<\/h2>\n\n\n\n<p> Powodem za\u0142o\u017cenia PBC oraz jej g\u0142\u00f3wnym celem jest zabezpieczenie oraz udost\u0119pnianie zbior\u00f3w organizacji zrzeszaj\u0105cych polsk\u0105 diaspor\u0119 na \u015bwiecie, kt\u00f3re nie dysponuj\u0105 \u015brodkami na digitalizacj\u0119 polonik\u00f3w oraz ich prezentacj\u0119 w Internecie. A s\u0105 one bezcenne z punktu widzenia historii Polski oraz dorobku intelektualnego i kulturalnego spo\u0142eczno\u015bci emigracyjnych ostatnich dw\u00f3ch wiek\u00f3w. Dzia\u0142alno\u015b\u0107 PBC stanowi dope\u0142nienie przedsi\u0119wzi\u0119\u0107 najwi\u0119kszych o\u015brodk\u00f3w prowadz\u0105cych digitalizacj\u0119 polskiego dziedzictwa kulturowego. Dzi\u0119ki wsp\u00f3\u0142pracy z Wydzia\u0142em Dziennikarstwa, Informacji i Bibliologii (do 2016 r. Instytutu Informacji Naukowej i Studi\u00f3w Bibliologicznych Uniwersytetu Warszawskiego) z wieloma instytucjami polonijnymi na ca\u0142ym \u015bwiecie, w zbiorach PBC znajduj\u0105 si\u0119 niezwykle warto\u015bciowe dla historii i nauki polskiej archiwalia, ksi\u0105\u017cki, fotografie oraz czasopisma.<\/p>\n\n\n\n<h2 class=\"wp-block-heading\">UNIKATOWO\u015a\u0106<\/h2>\n\n\n\n<p> Polonijna Biblioteka Cyfrowa jest instytucj\u0105 unikatow\u0105. Zakresu jej zbior\u00f3w nie da si\u0119 scharakteryzowa\u0107 tak \u0142atwo, jak w  przypadku wi\u0119kszo\u015bci polskich bibliotek cyfrowych. Misj\u0105 PBC jest zabezpieczanie oraz udost\u0119pnienie polonik\u00f3w posiadanych przez r\u00f3\u017cnego typu organizacje i instytucje polskie i polonijne funkcjonuj\u0105ce na obczy\u017anie, a tak\u017ce zgromadzone przez kolekcjoner\u00f3w prywatnych. Wed\u0142ug danych MSZ z 2012 r. na \u015bwiecie istnieje ponad dwa tysi\u0105ce organizacji zrzeszaj\u0105cych polsk\u0105 diaspor\u0119. Zesp\u00f3\u0142 Polonijnej Biblioteki Cyfrowej wsp\u00f3\u0142pracuje bezpo\u015brednio z ponad dwudziestoma organizacjami polonijnymi na czterech kontynentach.<\/p>\n\n\n\n<h2 class=\"wp-block-heading\">UNIWERSALNO\u015a\u0106<\/h2>\n\n\n\n<p> Dzia\u0142alno\u015b\u0107 Biblioteki ma charakter uniwersalny, a w stosunku do najwi\u0119kszych o\u015brodk\u00f3w digitalizuj\u0105cych i udost\u0119pniaj\u0105cych polskie dziedzictwo kulturowe, takich jak np. POLONA, stanowi istotne uzupe\u0142nienie. PBC oferuje bowiem obiekty niedost\u0119pne w Bibliotece Narodowej, a stanowi\u0105ce cz\u0119sto ogromnej wagi \u017ar\u00f3d\u0142o historyczne dokumentuj\u0105ce losy Polak\u00f3w poza krajem w XIX i XX w. Przyk\u0142adem niech b\u0119dzie kolekcja tygodnika \u201eOrze\u0142 Bia\u0142y\u201d wydawanego jeszcze w ZSRR przez Armi\u0119 Polsk\u0105 na Wschodzie. Dlatego warto\u015b\u0107 zbior\u00f3w PBC powinno si\u0119 okre\u015bli\u0107 jako bezcenn\u0105.<\/p>\n\n\n\n<h2 class=\"wp-block-heading\">Kolekcje<\/h2>\n\n\n\n<p> Polonijna Biblioteka Cyfrowa udost\u0119pnia szeroki zestaw unikatowych dokument\u00f3w wraz z publikacjami wprowadzaj\u0105cymi w tematyk\u0119 Polonii. Obecnie zbiory licz\u0105 przesz\u0142o  13000 jednostek, z kt\u00f3rych korzysta miesi\u0119cznie \u015brednio ok. 6500 czytelnik\u00f3w. Kolekcja podzielona jest na trzy g\u0142\u00f3wne kategorie:<\/p>\n\n\n\n<ol class=\"wp-block-list\">\n<li><a href=\"?page_id=980\">Prasa<\/a> \u2013 przede wszystkim prasa codzienna diaspory polskiej z XX w.<\/li>\n\n\n\n<li><a href=\"?page_id=999\">Ksi\u0105\u017cki<\/a> \u2013 druki wydane poza Krajem w pierwszej po\u0142owie XX w.<\/li>\n\n\n\n<li><a href=\"?page_id=997\">Archiwalia<\/a> \u2013 np. dokumentacja stowarzysze\u0144, instytucji, czy indywidualna.<\/li>\n<\/ol>\n\n\n\n<p>Materia\u0142y pozyskiwane s\u0105 w trakcie kwerend prowadzonych w r\u00f3\u017cnych zak\u0105tkach globu, ze szczeg\u00f3lnym uwzgl\u0119dnieniem du\u017cych skupisk Polonii. Warto wymieni\u0107 chocia\u017cby Angli\u0119, Francj\u0119, Czechy, Izrael, Australi\u0119, USA, Argentyn\u0119, Brazyli\u0119, Chile, Meksyk, Peru czy Now\u0105 Zelandi\u0119.<\/p>\n\n\n\n<p>PBC przyczynia si\u0119 wi\u0119c do ocalenia rozproszonego polskiego dziedzictwa dokumentacyjnego i pi\u015bmienniczego. Upowszechnia r\u00f3wnie\u017c wiedz\u0119 na temat znaczenia dzia\u0142alno\u015bci Polonii na \u015bwiecie oraz jej wk\u0142adu w rozw\u00f3j lokalnych spo\u0142eczno\u015bci.<\/p>\n\n\n\n<p>Wszyscy zainteresowani dziedzictwem kulturowym Polonii otrzymuj\u0105 w dogodnej, wirtualnej architekturze pe\u0142ne spektrum przesz\u0142ych i najnowszych dokona\u0144 naszej diaspory. Maj\u0105 bezpo\u015bredni, bezp\u0142atny dost\u0119p on-line do zdigitalizowanych materia\u0142\u00f3w \u017ar\u00f3d\u0142owych (m.in. dokumentacja aktowa, \u017ar\u00f3d\u0142a drukowane oraz wyj\u0105tkowo cennych zabytki pi\u015bmiennictwa emigracyjnego, w tym literatury), maj\u0105cych trwa\u0142\u0105 warto\u015b\u0107 historyczn\u0105, kulturow\u0105 lub bibliofilsk\u0105.<\/p>\n\n\n\n<h2 class=\"wp-block-heading\">PRASA<\/h2>\n\n\n\n<p>Zdecydowan\u0105 wi\u0119kszo\u015b\u0107 zbior\u00f3w stanowi prasa  diaspory polskiej z XX w. Gazety te to prawdziwe kapsu\u0142y czasu chroni\u0105ce to, co ulotne \u2013 aktywno\u015b\u0107 spo\u0142eczn\u0105, polityczn\u0105 i kulturaln\u0105 Polonii.<\/p>\n\n\n\n<div class=\"wp-block-media-text alignwide\" style=\"grid-template-columns:44% auto\"><figure class=\"wp-block-media-text__media\"><img loading=\"lazy\" decoding=\"async\" width=\"984\" height=\"722\" src=\"https:\/\/muzeumpolonii.uw.edu.pl\/wp-content\/uploads\/2020\/03\/Strona2.jpg\" alt=\"\" class=\"wp-image-1152 size-full\" srcset=\"https:\/\/muzeumpolonii.uw.edu.pl\/wp-content\/uploads\/2020\/03\/Strona2.jpg 984w, https:\/\/muzeumpolonii.uw.edu.pl\/wp-content\/uploads\/2020\/03\/Strona2-300x220.jpg 300w, https:\/\/muzeumpolonii.uw.edu.pl\/wp-content\/uploads\/2020\/03\/Strona2-768x564.jpg 768w, https:\/\/muzeumpolonii.uw.edu.pl\/wp-content\/uploads\/2020\/03\/Strona2-80x60.jpg 80w\" sizes=\"auto, (max-width: 984px) 100vw, 984px\" \/><\/figure><div class=\"wp-block-media-text__content\">\n<p>W\u015br\u00f3d periodyk\u00f3w, kt\u00f3re PBC posiada w ca\u0142o\u015bci lub prawie w komplecie wymieni\u0107 nale\u017cy tygodniki polskich osadnik\u00f3w w Brazylii: \u201e<a href=\"https:\/\/pbc.uw.edu.pl\/view\/divisions\/Lud.html\" target=\"_blank\" rel=\"noreferrer noopener\">Lud<\/a>\u201d, \u201e<a href=\"https:\/\/pbc.uw.edu.pl\/view\/divisions\/Gaz=5FPol.html\" target=\"_blank\" rel=\"noreferrer noopener\">Gazet\u0119 Polsk\u0105 w Brazylii<\/a>\u201d. To w\u0142a\u015bnie prasa z Parany stanowi najwi\u0119ksz\u0105 cz\u0119\u015b\u0107 udost\u0119pnianych przez PBC skan\u00f3w. To cenna pomoc dla rozwijaj\u0105cych si\u0119 coraz bardziej studi\u00f3w slawistycznych nie tylko w Kurytybie, ale i na innych uczelniach. Z tego zbioru korzystaj\u0105 te\u017c badacze polskiego dziedzictwa kulturowego. W ten spos\u00f3b PBC uzupe\u0142nia polskie zbiory o ten wielki, a nieznany w Kraju dorobek wydawniczy. Ratuje go przed utrat\u0105 i jednocze\u015bnie promuje  dziedzictwo narodowe.  <\/p>\n<\/div><\/div>\n\n\n\n<p>Z prasy ukazuj\u0105cej si\u0119 w Europie warto wymieni\u0107 \u201e<a href=\"https:\/\/pbc.uw.edu.pl\/view\/divisions\/Les.html\" target=\"_blank\" rel=\"noreferrer noopener\">Les Amis de la Pologne<\/a>\u201d, \u201e<a href=\"https:\/\/pbc.uw.edu.pl\/view\/divisions\/NotrePologne.html\" target=\"_blank\" rel=\"noreferrer noopener\">Notre Pologne<\/a>\u201d, \u201e<a href=\"https:\/\/pbc.uw.edu.pl\/view\/divisions\/Wiarus.html\" target=\"_blank\" rel=\"noreferrer noopener\">Wiarusa Polskiego<\/a>\u201d oraz \u201e<a href=\"https:\/\/pbc.uw.edu.pl\/view\/divisions\/PodPr.html\" target=\"_blank\" rel=\"noreferrer noopener\">Pod Pr\u0105d<\/a>\u201d.  Pierwszy periodyk by\u0142 organem francuskiego towarzystwa nosz\u0105cego t\u0119 sam\u0105 nazw\u0119 (Les Amis de la Pologne \u2013 Przyjaciele Polski), dzia\u0142aj\u0105cego i  publikuj\u0105cego swoje czasopismo w  j\u0119zyku francuskim przez ca\u0142y okres dwudziestolecia mi\u0119dzywojennego, do czerwca 1940 r. By\u0142o to g\u0142\u00f3wne \u017ar\u00f3d\u0142o informacji o  Polsce dla prasy francuskiej. Tytu\u0142 ten mia\u0142 sw\u00f3j odpowiednik dla m\u0142odszych. To w\u0142a\u015bnie \u201e<a href=\"https:\/\/pbc.uw.edu.pl\/view\/divisions\/NotrePologne.html\" target=\"_blank\" rel=\"noreferrer noopener\">Notre Pologne<\/a>\u201d przez 9 lat swojego funkcjonowania kszta\u0142towa\u0142o wiedz\u0119 o Polsce w\u015br\u00f3d francuskiej m\u0142odzie\u017cy.<\/p>\n\n\n\n<p>Znajduj\u0105cy si\u0119 w  zbiorach PBC \u201e<a href=\"https:\/\/pbc.uw.edu.pl\/view\/divisions\/Wiarus.html\" target=\"_blank\" rel=\"noreferrer noopener\">Wiarus Polski<\/a>\u201d, to z kolei pierwsze pismo polonijne wydawane w Westfalii i Nadrenii. Za\u0142o\u017cone zosta\u0142o w 1890 r. w Bochum przez ksi\u0119dza F. Lissa. Periodyk jest w fatalnym stanie \u2013 dzi\u0119ki digitalizacji zachowany zosta\u0142 dla przysz\u0142ych pokole\u0144.<\/p>\n\n\n\n<p> Pismo \u201e<a href=\"https:\/\/pbc.uw.edu.pl\/view\/divisions\/PodPr.html\" target=\"_blank\" rel=\"noreferrer noopener\">Pod Pr\u0105d<\/a>\u201d wydawane by\u0142o przez grup\u0119 internowanych  \u017co\u0142nierzy z&nbsp; obozu we Fryburgu (Szwajcaria). Dwutygodnik mia\u0142  da\u0107 odp\u00f3r propagandzie komunistycznej nawo\u0142uj\u0105cej do powrotu  do Polski, a&nbsp;dzi\u015b stanowi cenne \u017ar\u00f3d\u0142o informacji dla badaczy tamtego okresu. <\/p>\n\n\n\n<div class=\"wp-block-media-text alignwide is-vertically-aligned-center\" style=\"grid-template-columns:39% auto\"><figure class=\"wp-block-media-text__media\"><img loading=\"lazy\" decoding=\"async\" width=\"409\" height=\"1024\" src=\"https:\/\/muzeumpolonii.uw.edu.pl\/wp-content\/uploads\/2020\/03\/Strona8-409x1024.jpg\" alt=\"\" class=\"wp-image-1160 size-full\" srcset=\"https:\/\/muzeumpolonii.uw.edu.pl\/wp-content\/uploads\/2020\/03\/Strona8-409x1024.jpg 409w, https:\/\/muzeumpolonii.uw.edu.pl\/wp-content\/uploads\/2020\/03\/Strona8-120x300.jpg 120w, https:\/\/muzeumpolonii.uw.edu.pl\/wp-content\/uploads\/2020\/03\/Strona8-614x1536.jpg 614w, https:\/\/muzeumpolonii.uw.edu.pl\/wp-content\/uploads\/2020\/03\/Strona8.jpg 632w\" sizes=\"auto, (max-width: 409px) 100vw, 409px\" \/><\/figure><div class=\"wp-block-media-text__content\">\n<p>Na uwag\u0119 zas\u0142uguj\u0105 te\u017c periodyki zwi\u0105zane z obecno\u015bci\u0105  Armii Polskiej w ZSRR, a p\u00f3\u017aniej w Iranie, Iraku i Palestynie,  a wraz z ni\u0105 cywil\u00f3w. Spo\u015br\u00f3d tych wydawnictw Polonijna Biblioteka  Cyfrowa udost\u0119pnia mi\u0119dzy innymi \u201e<a href=\"https:\/\/www.pbc.uw.edu.pl\/view\/divisions\/Sk.html\" target=\"_blank\" rel=\"noreferrer noopener\">Skauta: <\/a><a href=\"https:\/\/pbc.uw.edu.pl\/view\/divisions\/Sk.html\" target=\"_blank\" rel=\"noreferrer noopener\">Czasopismo<br> Zwi\u0105zku Harcerstwa Polskiego  Wsch\u00f3d<\/a>\u201d wraz z dodatkiem  \u201e<a href=\"https:\/\/pbc.uw.edu.pl\/7792\/1\/Zuchy_1946_01.pdf\" target=\"_blank\" rel=\"noreferrer noopener\">Zuch<\/a>\u201d.<\/p>\n\n\n\n<p><\/p>\n\n\n\n<p><\/p>\n\n\n\n<p><\/p>\n\n\n\n<p>Cz\u0119\u015b\u0107 kolekcji stanowi\u0105 efemerydy. W du\u017cej mierze s\u0105 to  druki, kt\u00f3re ukaza\u0142y si\u0119 na terytorium Palestyny (najcz\u0119\u015bciej  w Jerozolimie) i zwi\u0105zane s\u0105 z Polsk\u0105 Armi\u0105 na Wschodzie i instytucjami,  organizacjami  dzia\u0142aj\u0105cymi w jej otoczeniu. Na  przyk\u0142ad \u201e<a href=\"https:\/\/pbc.uw.edu.pl\/516\/1\/Usmiech.pdf\" target=\"_blank\" rel=\"noreferrer noopener\">U\u015bmiech: Jednodni\u00f3wka Szk\u00f3\u0142 M\u0142odszych Ochotniczek<\/a>\u201d  \u2013 maszynopis obejmuj\u0105cy a\u017c 190 stron, wydany nak\u0142adem  Szko\u0142y  powszechnej M\u0142odszych Ochotniczek w Jerozolimie  w 1946 r. Dokument ten jest jednym z niewielu namacalnych  \u015blad\u00f3w dzia\u0142alno\u015bci kulturalnej polskiej zbiorowo\u015bci wychod\u017aczej  przebywaj\u0105cej na Bliskim Wschodzie w latach 40. XX w.<\/p>\n<\/div><\/div>\n\n\n\n<p> W&nbsp;zbiorach PBC mo\u017cna znale\u017a\u0107 nie tylko periodyki z&nbsp;pierwszej po\u0142owy XX w. Biblioteka udost\u0119pnia r\u00f3wnie\u017c polonijn\u0105 pras\u0119 wsp\u00f3\u0142czesn\u0105. \u201e<a href=\"https:\/\/pbc.uw.edu.pl\/view\/divisions\/Ga.html\" target=\"_blank\" rel=\"noreferrer noopener\">Gazetka Dom Polski<\/a>\u201d jest organem wydawniczym Stowarzyszenia Rodzin Peruwia\u0144sko-Polskich \u201eDom Polski\u201d, powsta\u0142ego w&nbsp; 1983 r. w&nbsp; celu podtrzymywania kultury, obyczaj\u00f3w i&nbsp; tradycji polskiej w\u015br\u00f3d emigrant\u00f3w. Innym przyk\u0142adem prasy wsp\u00f3\u0142czesnej s\u0105 \u201e<a href=\"https:\/\/pbc.uw.edu.pl\/view\/divisions\/Wi.html\" target=\"_blank\" rel=\"noreferrer noopener\">Wiadomo\u015bci Polskie<\/a>\u201d, pismo Polskiego Narodowo-Kulturalnego Centrum \u201eJedno\u015b\u0107\u201d na Kubaniu (Rosja), czy \u201e<a href=\"https:\/\/pbc.uw.edu.pl\/view\/divisions\/Glos.html\" target=\"_blank\" rel=\"noreferrer noopener\">G\u0142os<\/a>\u201d, polska gazeta wychodz\u0105ca w&nbsp;czeskim Cieszynie. <\/p>\n\n\n<div class=\"wp-block-image\">\n<figure class=\"aligncenter size-large\"><img loading=\"lazy\" decoding=\"async\" width=\"1024\" height=\"493\" src=\"https:\/\/muzeumpolonii.uw.edu.pl\/wp-content\/uploads\/2020\/03\/Strona9-1024x493.jpg\" alt=\"\" class=\"wp-image-1168\" srcset=\"https:\/\/muzeumpolonii.uw.edu.pl\/wp-content\/uploads\/2020\/03\/Strona9-1024x493.jpg 1024w, https:\/\/muzeumpolonii.uw.edu.pl\/wp-content\/uploads\/2020\/03\/Strona9-300x144.jpg 300w, https:\/\/muzeumpolonii.uw.edu.pl\/wp-content\/uploads\/2020\/03\/Strona9-768x370.jpg 768w, https:\/\/muzeumpolonii.uw.edu.pl\/wp-content\/uploads\/2020\/03\/Strona9.jpg 1033w\" sizes=\"auto, (max-width: 1024px) 100vw, 1024px\" \/><\/figure><\/div>\n\n\n<h2 class=\"wp-block-heading\"> KSI\u0104\u017bKI<\/h2>\n\n\n\n<p> W&nbsp;grupie tej znajduj\u0105 si\u0119 przede wszystkim druki opublikowane poza krajem w&nbsp;pierwszej po\u0142owie XX w. Znajdziemy tu m.in. publikacje wydane przez oficyny polonijne w&nbsp;Ameryce Po\u0142udniowej, czy ksi\u0105\u017cki autor\u00f3w obcych traktuj\u0105ce o&nbsp;Polonii. Warto wymieni\u0107 chocia\u017cby trzy pozycje: <a href=\"https:\/\/pbc.uw.edu.pl\/892\/1\/Gospodarka_hodowlana.pdf\" target=\"_blank\" rel=\"noreferrer noopener\">Racjonaln\u0105 gospodark\u0119 hodowlan\u0105 w&nbsp; Paranie<\/a>. Opracowanie specjalne dla kolonist\u00f3w Stanis\u0142awa G\u00f3rniaka (Kurytyba 1924), <a href=\"https:\/\/pbc.uw.edu.pl\/1025\/1\/Fredecensis.pdf\" target=\"_blank\" rel=\"noreferrer noopener\">Szymona Kosyniera: wielkiego bohatera Para\u0144skiego<\/a> J\u00f3zefa Sta\u0144czewskiego, wydaj\u0105cego pod pseudonimem Fredecensis (Kurytyba 1923) czy <a href=\"https:\/\/pbc.uw.edu.pl\/307\/2\/Lepecki_Amazonka.pdf\" target=\"_blank\" rel=\"noreferrer noopener\">Na Amazonce i&nbsp;wschodnim Peru<\/a> Mieczys\u0142awa Bohdana Lepeckiego (opublikowan\u0105 w&nbsp;wydawnictwie Ksi\u0105\u017cnica-Atlas we Lwowie w&nbsp;1931 r.).<\/p>\n\n\n<div class=\"wp-block-image\">\n<figure class=\"aligncenter size-large\"><img loading=\"lazy\" decoding=\"async\" width=\"1024\" height=\"751\" src=\"https:\/\/muzeumpolonii.uw.edu.pl\/wp-content\/uploads\/2020\/03\/Books-1024x751.jpg\" alt=\"\" class=\"wp-image-1148\" srcset=\"https:\/\/muzeumpolonii.uw.edu.pl\/wp-content\/uploads\/2020\/03\/Books-1024x751.jpg 1024w, https:\/\/muzeumpolonii.uw.edu.pl\/wp-content\/uploads\/2020\/03\/Books-300x220.jpg 300w, https:\/\/muzeumpolonii.uw.edu.pl\/wp-content\/uploads\/2020\/03\/Books-768x563.jpg 768w, https:\/\/muzeumpolonii.uw.edu.pl\/wp-content\/uploads\/2020\/03\/Books-80x60.jpg 80w, https:\/\/muzeumpolonii.uw.edu.pl\/wp-content\/uploads\/2020\/03\/Books.jpg 1070w\" sizes=\"auto, (max-width: 1024px) 100vw, 1024px\" \/><\/figure><\/div>\n\n\n<p>W\u015br\u00f3d druk\u00f3w zwartych pochodz\u0105cych z&nbsp; Ameryki Po\u0142udniowej znajduj\u0105 si\u0119 pozycje traktuj\u0105ce o&nbsp; rolnictwie, religijne oraz kierowane do dzieci, czy edycje literatury pi\u0119knej np. poezji Piotra Sici\u0144skiego Echo Brazylii: utwory wierszem.  <\/p>\n\n\n\n<p> Wyr\u00f3\u017cniaj\u0105c\u0105 si\u0119 grup\u0119 stanowi\u0105 wydawnictwa zwi\u0105zane ze stacjonowaniem Armii Polskiej na Bliskim Wschodzie. Np. <a href=\"https:\/\/pbc.uw.edu.pl\/2906\/1\/Niwa.pdf\" target=\"_blank\" rel=\"noreferrer noopener\">Z&nbsp;polskiej niwy: zbi\u00f3r pie\u015bni polskich<\/a> wydany w&nbsp;opracowaniu W\u0142adys\u0142awa Wargowskiego w&nbsp;Tel Awiwie w&nbsp;1941 r., <a href=\"https:\/\/pbc.uw.edu.pl\/86\/1\/Krakowiecki_Bajki.pdf\" target=\"_blank\" rel=\"noreferrer noopener\">Bajki bia\u0142o-czerwone<\/a> Anatola Krakowieckiego, kt\u00f3re ukaza\u0142y si\u0119 w&nbsp;1944 r. oraz <a href=\"https:\/\/pbc.uw.edu.pl\/91\/1\/Dziewanowski_Slask_Opolski_1945.pdf\" target=\"_blank\" rel=\"noreferrer noopener\">\u015al\u0105sk Opolski<\/a> Mariana Kamila Dziewanowskiego, publikacja wydana w&nbsp;1945 r. nak\u0142adem Oddzia\u0142u Kultury i&nbsp;Prasy 2. Korpusu w&nbsp;Rzymie.  <\/p>\n\n\n<div class=\"wp-block-image\">\n<figure class=\"aligncenter size-large\"><img loading=\"lazy\" decoding=\"async\" width=\"1024\" height=\"475\" src=\"https:\/\/muzeumpolonii.uw.edu.pl\/wp-content\/uploads\/2020\/03\/Strona10-1024x475.jpg\" alt=\"\" class=\"wp-image-1172\" srcset=\"https:\/\/muzeumpolonii.uw.edu.pl\/wp-content\/uploads\/2020\/03\/Strona10-1024x475.jpg 1024w, https:\/\/muzeumpolonii.uw.edu.pl\/wp-content\/uploads\/2020\/03\/Strona10-300x139.jpg 300w, https:\/\/muzeumpolonii.uw.edu.pl\/wp-content\/uploads\/2020\/03\/Strona10-768x356.jpg 768w, https:\/\/muzeumpolonii.uw.edu.pl\/wp-content\/uploads\/2020\/03\/Strona10.jpg 1043w\" sizes=\"auto, (max-width: 1024px) 100vw, 1024px\" \/><\/figure><\/div>\n\n\n<p> Warto wspomnie\u0107 o&nbsp;dw\u00f3ch najstarszych publikacjach znajduj\u0105cych si\u0119 w&nbsp;PBC. Pierwsz\u0105 z&nbsp;nich to rzadka edycja z&nbsp;1693 r. <a href=\"https:\/\/pbc.uw.edu.pl\/812\/1\/Singularia.pdf\" target=\"_blank\" rel=\"noreferrer noopener\"><em>Singularia Qv\u00e6dam Polonica&#8230;<\/em> <\/a>Miko\u0142aja Chwa\u0142kowskiego. Drugim starodrukiem jest <em><a href=\"https:\/\/pbc.uw.edu.pl\/814\/1\/Skarszewski_Stan_Duchowienstwa_1776.pdf\" target=\"_blank\" rel=\"noreferrer noopener\">Prawdziwy Stan Duchowienstwa w&nbsp;Polszcze&#8230;<\/a><\/em> Wojciecha Skarszewskiego (Warszawa 1776). Bardzo ciekaw\u0105 pozycj\u0105 jest tak\u017ce druk <em><a href=\"https:\/\/pbc.uw.edu.pl\/306\/1\/voyage.pdf\" target=\"_blank\" rel=\"noreferrer noopener\">Voyage en Allemagne et en Pologne, commenc\u00e9 en 1776 par M. de L.S.M.A.S.D.P.<\/a><\/em> (Pary\u017c 1784). S\u0105 to wspomnienia francuskiego szlachcica z&nbsp;podr\u00f3\u017cy do Niemiec i&nbsp;Polski, stanowi\u0105ce bezcenny materia\u0142 dokumentuj\u0105cy postrzeganie Rzeczypospolitej przez cudzoziemc\u00f3w w&nbsp;drugiej po\u0142owie XVIII w. <\/p>\n\n\n<div class=\"wp-block-image\">\n<figure class=\"aligncenter size-large\"><img loading=\"lazy\" decoding=\"async\" width=\"1024\" height=\"471\" src=\"https:\/\/muzeumpolonii.uw.edu.pl\/wp-content\/uploads\/2020\/03\/Strona11-1024x471.jpg\" alt=\"\" class=\"wp-image-1175\" srcset=\"https:\/\/muzeumpolonii.uw.edu.pl\/wp-content\/uploads\/2020\/03\/Strona11-1024x471.jpg 1024w, https:\/\/muzeumpolonii.uw.edu.pl\/wp-content\/uploads\/2020\/03\/Strona11-300x138.jpg 300w, https:\/\/muzeumpolonii.uw.edu.pl\/wp-content\/uploads\/2020\/03\/Strona11-768x353.jpg 768w, https:\/\/muzeumpolonii.uw.edu.pl\/wp-content\/uploads\/2020\/03\/Strona11.jpg 1037w\" sizes=\"auto, (max-width: 1024px) 100vw, 1024px\" \/><\/figure><\/div>\n\n\n<h2 class=\"wp-block-heading\"> ARCHIWALIA <\/h2>\n\n\n\n<p> W&nbsp;zbiorach PBC znajduj\u0105 si\u0119 r\u00f3wnie\u017c materia\u0142y archiwalne, cho\u0107 nie stanowi\u0105 one g\u0142\u00f3wnego trzonu Biblioteki. Warto jednak wymieni\u0107 kilka cenniejszych przyk\u0142ad\u00f3w. W&nbsp; kolekcji znajduje si\u0119 chocia\u017cby <a href=\"?page_id=1043\">Archiwum Ojc\u00f3w Franciszkan\u00f3w<\/a> z&nbsp; argenty\u0144skiego Martin Coronado. Zbi\u00f3r po\u015bwi\u0119cony jest g\u0142\u00f3wnie dzia\u0142alno\u015bci polskiego duchowie\u0144stwa w&nbsp; Argentynie, kt\u00f3rej pocz\u0105tki si\u0119gaj\u0105 XIX w. Dokumenty dost\u0119pne s\u0105 dzi\u0119ki wsp\u00f3\u0142pracy z&nbsp;Ojcami Franciszkanami z&nbsp;Martin Coronado, obecnie centrum religijnego spo\u0142eczno\u015bci polskiej. <\/p>\n\n\n\n<div class=\"wp-block-media-text alignwide is-vertically-aligned-top\" style=\"grid-template-columns:38% auto\"><figure class=\"wp-block-media-text__media\"><img loading=\"lazy\" decoding=\"async\" width=\"775\" height=\"597\" src=\"https:\/\/muzeumpolonii.uw.edu.pl\/wp-content\/uploads\/2020\/03\/Obrebski.jpg\" alt=\"\" class=\"wp-image-1177 size-full\" srcset=\"https:\/\/muzeumpolonii.uw.edu.pl\/wp-content\/uploads\/2020\/03\/Obrebski.jpg 775w, https:\/\/muzeumpolonii.uw.edu.pl\/wp-content\/uploads\/2020\/03\/Obrebski-300x231.jpg 300w, https:\/\/muzeumpolonii.uw.edu.pl\/wp-content\/uploads\/2020\/03\/Obrebski-768x592.jpg 768w\" sizes=\"auto, (max-width: 775px) 100vw, 775px\" \/><\/figure><div class=\"wp-block-media-text__content\">\n<p>Bardzo ciekaw\u0105 pozycj\u0105 jest \u201e<a href=\"?page_id=1036\">Archiwum Jamajskie<\/a>\u201d J\u00f3zefa Obr\u0119bskiego. Jeden z&nbsp;najbardziej zas\u0142u\u017conych polskich etnolog\u00f3w w&nbsp;latach 1946\u20131948 prowadzi\u0142 z&nbsp;ramienia Londy\u0144skiej Szko\u0142y Ekonomii (London School of Economics) pionierskie badania antropologiczne na Jamajce. Zmiany polityczne w&nbsp;Polsce po 1945 r. uniemo\u017cliwi\u0142y naukowcowi powr\u00f3t do   ojczyzny. <\/p>\n<\/div><\/div>\n\n\n\n<p>Ostatecznie, odrzucaj\u0105c liczne propozycje uniwersytet\u00f3w angielskich, zdecydowa\u0142 si\u0119 na wyjazd do Stan\u00f3w Zjednoczonych Ameryki. Polonijna Biblioteka Cyfrowa udost\u0119pnia jego niepublikowane materia\u0142y z&nbsp; jedynych bada\u0144 etnograficznych, jakie kiedykolwiek zosta\u0142y przeprowadzone na Jamajce. G\u0142\u00f3wn\u0105 cz\u0119\u015b\u0107 \u201e<a href=\"?page_id=1036\">Archiwum Jamajskiego<\/a>\u201d stanowi\u0105 maszynopisy, kt\u00f3re zawieraj\u0105 obserwacje i&nbsp;wnioski uczonego, wynikaj\u0105ce ze studi\u00f3w nad dwiema rodzinami, zatytu\u0142owane <a href=\"https:\/\/pbc.uw.edu.pl\/view\/divisions\/Bull.html\" target=\"_blank\" rel=\"noreferrer noopener\">Bull Savannah<\/a> i&nbsp;<a href=\"https:\/\/pbc.uw.edu.pl\/view\/divisions\/Warsap.html\" target=\"_blank\" rel=\"noreferrer noopener\">Warsop<\/a>.  <\/p>\n\n\n\n<p> W&nbsp;PBC znajduje si\u0119 r\u00f3wnie\u017c <a href=\"?page_id=1040\">Archiwum Ignacego Domeyki<\/a>. Jeden z&nbsp;najs\u0142awniejszych polskich geolog\u00f3w i&nbsp;mineralog\u00f3w przy &#8211; czyni\u0142 si\u0119 do upowszechnienia o\u015bwiaty w&nbsp;Chile. Pe\u0142ni\u0105c przez wie &#8211; le lat funkcj\u0119 rektora uniwersytetu Universidad de Chile w&nbsp;Santiago, dba\u0142 nie tylko o&nbsp;rozw\u00f3j nauki, ale i r\u00f3wnie\u017c edukacji i&nbsp;kultury. W&nbsp;Chile by\u0142 ceniony i&nbsp;szanowany. Na jego cze\u015b\u0107 nazwano pasmo g\u00f3rskie G\u00f3rami Domeyki (Cordillera de Domeyko), a&nbsp;jedna z&nbsp;miejscowo\u015bci ma w nazwie jego imi\u0119 (Domeyko). Polonijna Biblioteka Cyfrowa udost\u0119pnia dwie kolekcje list\u00f3w Domeyki do \u00f3wczesne &#8211; go Ministra Edukacji w&nbsp;Chile. Pierwsza, opisana jako \u201e<a href=\"https:\/\/pbc.uw.edu.pl\/view\/divisions\/Delegacion.html\" target=\"_blank\" rel=\"noreferrer noopener\">Delegacion Universitaria<\/a>\u201d, obejmuje korespondencj\u0119 z&nbsp;lat 1862\u20131873. Druga&nbsp;\u2013 \u201e<a href=\"https:\/\/pbc.uw.edu.pl\/view\/divisions\/Universidad.html\" target=\"_blank\" rel=\"noreferrer noopener\">Universidad de Chile<\/a>\u201d z&nbsp; lat 1874\u20131879 \u2013 zawiera listy zwi\u0105zane z&nbsp; dzia\u0142alno\u015bci\u0105 Domeyki na stanowisku rektora uniwersytetu na rzecz reformy edukacji w&nbsp; Chile. Korespondencja prowadzona by\u0142a w&nbsp;j\u0119zyku hiszpa\u0144skim.<\/p>\n\n\n<div class=\"wp-block-image is-resized\">\n<figure class=\"aligncenter size-large\"><img loading=\"lazy\" decoding=\"async\" width=\"856\" height=\"460\" src=\"https:\/\/muzeumpolonii.uw.edu.pl\/wp-content\/uploads\/2020\/03\/Strona12.jpg\" alt=\"\" class=\"wp-image-1182\" srcset=\"https:\/\/muzeumpolonii.uw.edu.pl\/wp-content\/uploads\/2020\/03\/Strona12.jpg 856w, https:\/\/muzeumpolonii.uw.edu.pl\/wp-content\/uploads\/2020\/03\/Strona12-300x161.jpg 300w, https:\/\/muzeumpolonii.uw.edu.pl\/wp-content\/uploads\/2020\/03\/Strona12-768x413.jpg 768w\" sizes=\"auto, (max-width: 856px) 100vw, 856px\" \/><\/figure><\/div>\n\n\n<p>  Warto r\u00f3wnie\u017c wspomnie\u0107 o&nbsp; odnalezionym w&nbsp; Bibliotece Narodowej Parlamentu Gruzji im.&nbsp;I.&nbsp;Czavczavadze w&nbsp;Tbilisi r\u0119kopisie z 1831&nbsp;r. To <a href=\"https:\/\/pbc.uw.edu.pl\/7715\/1\/Kurs_bibliografii.pdf\" target=\"_blank\" rel=\"noreferrer noopener\">Kurs bibliografii<\/a> przygotowany przez \u0141ukasza Go\u0142\u0119biowskiego, kt\u00f3ry jako bibliotekarz Biblioteki Publicznej, a&nbsp;zarazem profesor Uniwersytetu Warszawskiego, mia\u0142 wyk\u0142ada\u0107 bibliografi\u0119 studentom tego\u017c uniwersytetu.  <\/p>\n\n\n\n<p> W\u015br\u00f3d archiwalnych unikat\u00f3w znajduj\u0105 si\u0119 tak\u017ce dokument podr\u00f3\u017cy oraz Dziennik lot\u00f3w <a href=\"http:\/\/www.pbc.uw.edu.pl\/view\/divisions\/PSZ=5FSzejner.html\" target=\"_blank\" rel=\"noreferrer noopener\" aria-label=\"Rajmunda Szejnera (otwiera si\u0119 na nowej zak\u0142adce)\">Rajmunda Szejnera<\/a>, kt\u00f3ry odby\u0142 loty bojowe w&nbsp;Eskadrze 1586 z&nbsp;W\u0142och (Brindisi) do Polski, w&nbsp;charakterze mechanika pok\u0142adowego, w&nbsp; stopniu st. sier\u017canta. Loty na samolocie Halifax V, ze zrzutami broni, materia\u0142\u00f3w i&nbsp;skoczk\u00f3w spadochronowych.<\/p>\n\n\n\n<p> Daty lot\u00f3w:<\/p>\n\n\n\n<ol class=\"wp-block-list\">\n<li> 14.08.1944<\/li>\n\n\n\n<li> 20.08.1944<\/li>\n\n\n\n<li> 26.08.1944<\/li>\n\n\n\n<li> 07.10.1944<\/li>\n\n\n\n<li> 16.10.1944 <\/li>\n<\/ol>\n\n\n<div class=\"wp-block-image is-resized\">\n<figure class=\"aligncenter size-large\"><img loading=\"lazy\" decoding=\"async\" width=\"841\" height=\"536\" src=\"https:\/\/muzeumpolonii.uw.edu.pl\/wp-content\/uploads\/2020\/03\/Strona13.jpg\" alt=\"\" class=\"wp-image-1184\" srcset=\"https:\/\/muzeumpolonii.uw.edu.pl\/wp-content\/uploads\/2020\/03\/Strona13.jpg 841w, https:\/\/muzeumpolonii.uw.edu.pl\/wp-content\/uploads\/2020\/03\/Strona13-300x191.jpg 300w, https:\/\/muzeumpolonii.uw.edu.pl\/wp-content\/uploads\/2020\/03\/Strona13-768x489.jpg 768w\" sizes=\"auto, (max-width: 841px) 100vw, 841px\" \/><\/figure><\/div>\n\n<div class=\"wp-block-image\">\n<figure class=\"alignleft size-large is-resized\"><a href=\"\/?page_id=1209\"><img loading=\"lazy\" decoding=\"async\" width=\"311\" height=\"162\" src=\"https:\/\/muzeumpolonii.uw.edu.pl\/wp-content\/uploads\/2020\/03\/Cogito.jpg\" alt=\"\" class=\"wp-image-1189\" style=\"width:177px;height:92px\" srcset=\"https:\/\/muzeumpolonii.uw.edu.pl\/wp-content\/uploads\/2020\/03\/Cogito.jpg 311w, https:\/\/muzeumpolonii.uw.edu.pl\/wp-content\/uploads\/2020\/03\/Cogito-300x156.jpg 300w\" sizes=\"auto, (max-width: 311px) 100vw, 311px\" \/><\/a><\/figure><\/div>\n\n\n<p> W&nbsp;zbiorach PBC jest r\u00f3wnie\u017c \u201e<a href=\"\/?page_id=1209\">Cogito dla Polonii<\/a>\u201d \u2013 e-magazyn dla m\u0142odzie\u017cy polonijnej na ca\u0142ym \u015bwiecie w&nbsp;wieku 12\u201319 lat. Wydawc\u0105 jest Polskie Bractwo Kawaler\u00f3w Gutenberga, a&nbsp;partnerem merytorycznym Grupa COGITO. Periodyk porusza tematyk\u0119 dzia\u0142alno\u015bci m\u0142odzie\u017cy polonijnej, nauki j\u0119zyka ojczystego czy historii Polski. Na \u0142amach gazety Polonia sama dzieli si\u0119 r\u00f3wnie\u017c historiami odkrywania polskich korzeni, opowiada o projektach edukacyjnych, patriotycznych i kulturalnych. Tw\u00f3rcy e-magazynu stali si\u0119 Polonijnymi Ambasadorami Polsko\u015bci. Ka\u017cde e-wydanie to ok. 40 stron, na&nbsp;kt\u00f3rych znajduj\u0105 si\u0119: \u2013 informacje ze \u015bwiata m\u0142odej Polonii, konkursy, \u2013 wywiady z&nbsp;przedstawicielami m\u0142odej Polonii, \u2013 relacje z&nbsp;wydarze\u0144, kt\u00f3re organizowa\u0142a m\u0142odzie\u017c polonijna, \u2013 reporta\u017ce o&nbsp;tym, jak \u017cyj\u0105 m\u0142odzi Polacy za granic\u0105, \u2013 opisy uczelni i&nbsp;zasad rekrutacji w&nbsp;Polsce, \u2013 kurs gramatyki j\u0119zyka polskiego, om\u00f3wienie lektur polskich, materia\u0142y do matury z&nbsp;j\u0119zyka polskiego, \u2013 przewodnik po ciekawych miejscach w&nbsp;Polsce, \u2013 nowo\u015bci kulturalne, \u2013 ciekawostki o&nbsp;Polsce, geografii, kulturze i&nbsp;historii. <\/p>\n\n\n\n<h2 class=\"wp-block-heading\"> WIRTUALNE MUZEUM POLONII <\/h2>\n\n\n\n<p>  W&nbsp;oparciu o&nbsp;zgromadzony materia\u0142 prasowy  Wirtualne Muzeum Polonii prezentuje podstawowe informacje o&nbsp;polonijnych archiwach, bibliotekach, instytutach naukowych, muzeach i&nbsp;pomnikach polskich za granic\u0105. Na portalu znajdziemy opisy Polonii w&nbsp;poszczeg\u00f3lnych krajach. Ponadto, ka\u017cde skupisko emigrant\u00f3w opatrzone zosta\u0142o obszern\u0105 bibliografi\u0105, dzi\u0119ki czemu zainteresowane osoby mog\u0105 skorzysta\u0107 ze starannie wyselekcjonowanych publikacji na badany temat. Co wa\u017cne, cz\u0119\u015b\u0107 z&nbsp;tych \u017ar\u00f3de\u0142 jest zdigitalizowana i&nbsp;istnieje mo\u017cliwo\u015b\u0107 bezpo\u015bredniego pobrania materia\u0142\u00f3w. Muzeum jest wi\u0119c przewodnikiem po Polonijnej Bibliotece Cyfrowej. Inicjatorem i&nbsp;kustoszem Wirtualnego Muzeum Polonii, podobnie jak i&nbsp;PBC, na kt\u00f3rej zbiorach si\u0119 opiera, jest prof. dr hab. Dariusz Ku\u017amina z&nbsp;Wydzia\u0142u Dziennikarstwa, Informacji i&nbsp;Bibliologii Uniwersytetu Warszawskiego, a&nbsp;jego administratorem dr Zdzis\u0142aw Dobrowolski. <\/p>\n\n\n<div class=\"wp-block-image\">\n<figure class=\"aligncenter size-large\"><img loading=\"lazy\" decoding=\"async\" width=\"634\" height=\"530\" src=\"https:\/\/muzeumpolonii.uw.edu.pl\/wp-content\/uploads\/2020\/03\/Vatican.jpg\" alt=\"\" class=\"wp-image-1194\" srcset=\"https:\/\/muzeumpolonii.uw.edu.pl\/wp-content\/uploads\/2020\/03\/Vatican.jpg 634w, https:\/\/muzeumpolonii.uw.edu.pl\/wp-content\/uploads\/2020\/03\/Vatican-300x251.jpg 300w\" sizes=\"auto, (max-width: 634px) 100vw, 634px\" \/><\/figure><\/div>\n\n\n<p> W&nbsp; ramach funkcjonowania Polonijnej Biblioteki Cyfrowej oraz Wirtualnego Muzeum Polonii realizowana jest r\u00f3wnie\u017c digitalizacja materia\u0142\u00f3w <a href=\"https:\/\/pbc.uw.edu.pl\/view\/divisions\/Rubryki.html\" target=\"_blank\" rel=\"noreferrer noopener\">Sekcji Polskiej Radia Watyka\u0144skiego<\/a>. Celem i&nbsp;podstawowym zadaniem tego projektu jest zabezpieczenie jej materia\u0142\u00f3w archiwalnych i&nbsp;multimedialnych. Radio Watyka\u0144skie rozpocz\u0119\u0142o dzia\u0142alno\u015b\u0107 w&nbsp;1931 roku, a&nbsp;jego Sekcja Polska zosta\u0142a powo\u0142ana siedem lat p\u00f3\u017aniej. Do 1948 roku nadawano audycje dwa razy w&nbsp;tygodniu, a&nbsp;p\u00f3\u017aniej codziennie. Polskie audycje Radia Watyka\u0144skiego odgrywa\u0142y szczeg\u00f3ln\u0105 rol\u0119 w&nbsp;czasie II wojny \u015bwiatowej, b\u0119d\u0105c niejednokrotnie jedynym \u015brodkiem przekazywania wiadomo\u015bci o&nbsp;sprawach ko\u015bcielnych i&nbsp;narodowych z&nbsp;Watykanu do Polski. Po II wojnie \u015bwiatowej Sekcja Polska Radia Watyka\u0144skiego przez d\u0142ugi czas by\u0142a jedyn\u0105 rozg\u0142o\u015bni\u0105 katolick\u0105, kt\u00f3rej programy mo\u017cna by\u0142o odbiera\u0107 w&nbsp;Polsce. Projekt jest realizowany przez jednostki trzech uczelni: Wydzia\u0142 Dziennikarstwa, Informacji i&nbsp; Bibliologii Uniwersytetu Warszawskiego, Instytut Dziennikarstwa i&nbsp; Komunikacji Spo\u0142ecznej Katolickiego Uniwersytetu Lubelskiego Jana Paw\u0142a II i&nbsp; Akademi\u0119 Ignatianum w&nbsp;Krakowie. Pracami kieruj\u0105 prof. Janusz W. Adamowski i&nbsp;prof. Dariusz Ku\u017amina. Zadanie realizowane jest w&nbsp;ramach konkursu Ministerstwa Nauki i&nbsp;Szkolnictwa Wy\u017cszego DUN (Dzia\u0142alno\u015b\u0107 Upowszechniaj\u0105ca Nauk\u0119): w&nbsp;kategorii upowszechnianie \u2013 wniosek \u201eZachowa\u0107 i&nbsp;promowa\u0107 polskie dziedzictwo narodowe \u2013 digitalizacja i&nbsp;opracowanie naukowe archiwali\u00f3w Polskiej Sekcji Radia Watyka\u0144skiego\u201d. <\/p>\n\n\n\n<h2 class=\"wp-block-heading\"> ZESP\u00d3\u0141 PBC <\/h2>\n\n\n\n<ul class=\"wp-block-list\">\n<li>prof. dr hab. Janusz Adamowski      (medioznawca)<\/li>\n\n\n\n<li>mgr Robert Brz\u00f3ska (spec. od      digitalizacji)<\/li>\n\n\n\n<li>dr Robert Czarnowski      (archiwista)<\/li>\n\n\n\n<li>dr Zdzis\u0142aw Dobrowolski (spec.      od digitalizacji)<\/li>\n\n\n\n<li>dr hab. Anna Kamler prof.      uczelni (historyk)<\/li>\n\n\n\n<li>prof. hab. Robert Kotowski      (medioznawca)<\/li>\n\n\n\n<li>mgr Micha\u0142 Krupa (architektura      informacji)<\/li>\n\n\n\n<li>prof. dr hab. Dariusz Ku\u017amina      (historyk)<\/li>\n\n\n\n<li>dr Karolina Lovejoy      (medioznawca)<\/li>\n\n\n\n<li>mgr El\u017cbieta Maruszak      (bibliolog)<\/li>\n\n\n\n<li>dr Miko\u0142aj Ochma\u0144ski (spec. od      digitalizacji)<\/li>\n\n\n\n<li>dr Dorota Pietrzkiewicz      (bibliolog)<\/li>\n\n\n\n<li>dr hab. Jacek Puchalski prof.      uczelni (bibliolog)<\/li>\n\n\n\n<li>dr hab. Iwona Pugacewicz prof.      uczelni (historyk prasy i edukacji)<\/li>\n\n\n\n<li>dr Katarzyna Seroka (informacja      naukowa)<\/li>\n\n\n\n<li>dr Krzysztof Smolana (historyk      prasy)<\/li>\n\n\n\n<li>dr Micha\u0142 Zaj\u0105c (informacja      naukowa)<\/li>\n\n\n\n<li>dr Anita Zawisza (spec. od      digitalizacji)<\/li>\n<\/ul>\n\n\n\n<p><\/p>\n","protected":false},"excerpt":{"rendered":"<div class=\"mh-excerpt\"> <a class=\"mh-excerpt-more\" href=\"https:\/\/muzeumpolonii.uw.edu.pl\/?page_id=1142\" title=\"Polonijna Biblioteka Cyfrowa\">[&#8230;]<\/a><\/div>\n","protected":false},"author":1,"featured_media":0,"parent":0,"menu_order":0,"comment_status":"closed","ping_status":"closed","template":"","meta":{"footnotes":""},"class_list":["post-1142","page","type-page","status-publish"],"_links":{"self":[{"href":"https:\/\/muzeumpolonii.uw.edu.pl\/index.php?rest_route=\/wp\/v2\/pages\/1142","targetHints":{"allow":["GET"]}}],"collection":[{"href":"https:\/\/muzeumpolonii.uw.edu.pl\/index.php?rest_route=\/wp\/v2\/pages"}],"about":[{"href":"https:\/\/muzeumpolonii.uw.edu.pl\/index.php?rest_route=\/wp\/v2\/types\/page"}],"author":[{"embeddable":true,"href":"https:\/\/muzeumpolonii.uw.edu.pl\/index.php?rest_route=\/wp\/v2\/users\/1"}],"replies":[{"embeddable":true,"href":"https:\/\/muzeumpolonii.uw.edu.pl\/index.php?rest_route=%2Fwp%2Fv2%2Fcomments&post=1142"}],"version-history":[{"count":89,"href":"https:\/\/muzeumpolonii.uw.edu.pl\/index.php?rest_route=\/wp\/v2\/pages\/1142\/revisions"}],"predecessor-version":[{"id":5621,"href":"https:\/\/muzeumpolonii.uw.edu.pl\/index.php?rest_route=\/wp\/v2\/pages\/1142\/revisions\/5621"}],"wp:attachment":[{"href":"https:\/\/muzeumpolonii.uw.edu.pl\/index.php?rest_route=%2Fwp%2Fv2%2Fmedia&parent=1142"}],"curies":[{"name":"wp","href":"https:\/\/api.w.org\/{rel}","templated":true}]}}